{"id":2776,"date":"2025-01-09T16:41:51","date_gmt":"2025-01-09T15:41:51","guid":{"rendered":"https:\/\/infancia-adolescencia.eduvic.coop\/komtu\/"},"modified":"2025-01-29T13:37:23","modified_gmt":"2025-01-29T12:37:23","slug":"komtu","status":"publish","type":"page","link":"https:\/\/infancia-adolescencia.eduvic.coop\/es\/komtu\/","title":{"rendered":"Komt\u00fc"},"content":{"rendered":"<div class=\"wpb-content-wrapper\"><p>[vc_row][vc_column][vc_column_text css=\u00bb\u00bb el_class=\u00bbtext-blau-bold-18px\u00bb]<\/p>\n<p class=\"entry-title\" style=\"text-align: center;\">Komt\u00fc: bienestar emocional y relacional en las escuelas<\/p>\n<p>[\/vc_column_text][vc_empty_space][vc_single_image image=\u00bb2521&#8243; img_size=\u00bbfull\u00bb alignment=\u00bbcenter\u00bb css=\u00bb.vc_custom_1735045153212{padding-top: 20px !important;padding-bottom: 20px !important;}\u00bb][vc_column_text css=\u00bb.vc_custom_1737037807489{padding-bottom: 20px !important;}\u00bb el_class=\u00bbtext-blau\u00bb]<\/p>\n<h4 style=\"color: #1d2a7c; font-size: 18px;\">La importancia de las experiencias relacionales<\/h4>\n<p>En primer lugar, cabe destacar que la base de <strong>Komt\u00fc <\/strong>recae en la idea central de que las experiencias relacionales vividas durante la infancia dejan una huella emocional profunda. Estas experiencias pueden condicionar tanto la personalidad como la actitud de los ni\u00f1os y ni\u00f1as. Las relaciones que establecen con los dem\u00e1s tienen un impacto significativo. Afectan c\u00f3mo perciben el mundo, gestionan las emociones e interact\u00faan con su entorno.   <\/p>\n<h4 style=\"color: #1d2a7c; font-size: 18px;\">Beneficios de un entorno relacional positivo<\/h4>\n<p>Cuando los ni\u00f1os y ni\u00f1as viven experiencias satisfactorias en un entorno de confianza y respeto, se crean condiciones id\u00f3neas para su desarrollo integral. Esto incluye una mayor capacidad de autoconciencia, que les ayuda a identificar y gestionar sus emociones. Adem\u00e1s, un aumento de la empat\u00eda les permite establecer v\u00ednculos m\u00e1s fuertes con los dem\u00e1s. Tambi\u00e9n desarrollan habilidades sociales como la cooperaci\u00f3n y la resoluci\u00f3n de conflictos.   <\/p>\n<h4 style=\"color: #1d2a7c; font-size: 18px;\">Compromiso con el futuro<\/h4>\n<p>En definitiva, <strong>Komt\u00fc apuesta <\/strong>por construir entornos escolares enriquecedores que aseguren el bienestar de los ni\u00f1os y ni\u00f1as en el presente. Tambi\u00e9n les preparan para afrontar los desaf\u00edos futuros con resiliencia y confianza. Los ni\u00f1os y ni\u00f1as desarrollan respeto tanto por s\u00ed mismos como por la comunidad.[\/vc_column_text][vc_column_text css=\u00bb.vc_custom_1735041670563{padding-bottom: 20px !important;}\u00bb el_class=\u00bbtext-blau-bold-18px\u00bb]Durante el 2023:[\/vc_column_text]<div class=\"stats-block stats-top  \"><div class=\"aio-icon-top\"><div class=\"ult-just-icon-wrapper  \"><div class=\"align-icon\" style=\"text-align:center;\"><\/div><\/div><\/div><div class=\"stats-desc\" id=\"counter-responsv-wrap-4238\"><div id=\"counter_175836887269f303a27fa73\" data-id=\"counter_175836887269f303a27fa73\"  data-ultimate-target='#counter-responsv-wrap-4238 .stats-number'  data-responsive-json-new='{\"font-size\":\"\",\"line-height\":\"\"}'  class=\"stats-number ult-responsive\" style=\"font-size:28px; color:#1D2A7C; color:#1D2A7C;\" data-speed=\"3\" data-counter-value=\"5.273\" data-separator=\",\" data-decimal=\".\">0<\/div><div id=\"title-counter_175836887269f303a27fa73\"  data-ultimate-target='#counter-responsv-wrap-4238 .stats-text'  data-responsive-json-new='{\"font-size\":\"\",\"line-height\":\"\"}'  class=\"stats-text ult-responsive\" style=\"font-size:18px; color:#1D2A7C; \">ni\u00f1os y ni\u00f1as atendidos\/as<\/div><\/div><\/div>[vc_empty_space height=\u00bb12px\u00bb]<div class=\"stats-block stats-top  \"><div class=\"aio-icon-top\"><div class=\"ult-just-icon-wrapper  \"><div class=\"align-icon\" style=\"text-align:center;\"><\/div><\/div><\/div><div class=\"stats-desc\" id=\"counter-responsv-wrap-4314\"><div id=\"counter_162420047369f303a27faf9\" data-id=\"counter_162420047369f303a27faf9\"  data-ultimate-target='#counter-responsv-wrap-4314 .stats-number'  data-responsive-json-new='{\"font-size\":\"\",\"line-height\":\"\"}'  class=\"stats-number ult-responsive\" style=\"font-size:28px; color:#1D2A7C; color:#1D2A7C;\" data-speed=\"3\" data-counter-value=\"4.038\" data-separator=\",\" data-decimal=\".\">0<\/div><div id=\"title-counter_162420047369f303a27faf9\"  data-ultimate-target='#counter-responsv-wrap-4314 .stats-text'  data-responsive-json-new='{\"font-size\":\"\",\"line-height\":\"\"}'  class=\"stats-text ult-responsive\" style=\"font-size:18px; color:#1D2A7C; \">familias atendidas<\/div><\/div><\/div>[vc_empty_space height=\u00bb18px\u00bb][vc_single_image image=\u00bb2428&#8243; img_size=\u00bbfull\u00bb alignment=\u00bbcenter\u00bb onclick=\u00bbcustom_link\u00bb img_link_target=\u00bb_blank\u00bb css=\u00bb.vc_custom_1736436097399{padding-top: 20px !important;padding-bottom: 20px !important;}\u00bb link=\u00bbhttps:\/\/www.nouscims.com\/ca\/\u00bb][vc_empty_space height=\u00bb18px\u00bb][vc_btn title=\u00bbM\u00e1s informaci\u00f3n\u00bb style=\u00bboutline-custom\u00bb outline_custom_color=\u00bb#1D2A7C\u00bb outline_custom_hover_background=\u00bb#FFFFFF\u00bb outline_custom_hover_text=\u00bb#1D2A7C\u00bb align=\u00bbcenter\u00bb i_icon_fontawesome=\u00bbfas fa-info\u00bb css=\u00bb\u00bb add_icon=\u00bbtrue\u00bb link=\u00bburl:https%3A%2F%2Fwww.komtu.org%2F|target:_blank|\u00bb el_class=\u00bbtext-blau-bold-18px\u00bb][\/vc_column][\/vc_row]<\/p>\n<\/div>","protected":false},"excerpt":{"rendered":"<div class='heateorSssClear'><\/div><div  class='heateor_sss_sharing_container heateor_sss_horizontal_sharing' data-heateor-sss-href='https:\/\/infancia-adolescencia.eduvic.coop\/es\/komtu\/'><div class='heateor_sss_sharing_title' style=\"font-weight:bold\" >Compartir<\/div><div class=\"heateor_sss_sharing_ul\"><a aria-label=\"Facebook\" class=\"heateor_sss_facebook\" href=\"https:\/\/www.facebook.com\/sharer\/sharer.php?u=https%3A%2F%2Finfancia-adolescencia.eduvic.coop%2Fes%2Fkomtu%2F\" title=\"Facebook\" rel=\"nofollow noopener\" target=\"_blank\" style=\"font-size:32px!important;box-shadow:none;display:inline-block;vertical-align:middle\"><span class=\"heateor_sss_svg\" style=\"background-color:#0765FE;width:35px;height:35px;border-radius:999px;display:inline-block;opacity:1;float:left;font-size:32px;box-shadow:none;display:inline-block;font-size:16px;padding:0 4px;vertical-align:middle;background-repeat:repeat;overflow:hidden;padding:0;cursor:pointer;box-sizing:content-box\"><svg style=\"display:block;border-radius:999px;\" focusable=\"false\" aria-hidden=\"true\" xmlns=\"http:\/\/www.w3.org\/2000\/svg\" width=\"100%\" height=\"100%\" viewBox=\"0 0 32 32\"><path fill=\"#fff\" d=\"M28 16c0-6.627-5.373-12-12-12S4 9.373 4 16c0 5.628 3.875 10.35 9.101 11.647v-7.98h-2.474V16H13.1v-1.58c0-4.085 1.849-5.978 5.859-5.978.76 0 2.072.15 2.608.298v3.325c-.283-.03-.775-.045-1.386-.045-1.967 0-2.728.745-2.728 2.683V16h3.92l-.673 3.667h-3.247v8.245C23.395 27.195 28 22.135 28 16Z\"><\/path><\/svg><\/span><\/a><a aria-label=\"Twitter\" class=\"heateor_sss_button_twitter\" href=\"https:\/\/twitter.com\/intent\/tweet?text=Komt%C3%BC&url=https%3A%2F%2Finfancia-adolescencia.eduvic.coop%2Fes%2Fkomtu%2F\" title=\"Twitter\" rel=\"nofollow noopener\" target=\"_blank\" style=\"font-size:32px!important;box-shadow:none;display:inline-block;vertical-align:middle\"><span class=\"heateor_sss_svg heateor_sss_s__default heateor_sss_s_twitter\" style=\"background-color:#55acee;width:35px;height:35px;border-radius:999px;display:inline-block;opacity:1;float:left;font-size:32px;box-shadow:none;display:inline-block;font-size:16px;padding:0 4px;vertical-align:middle;background-repeat:repeat;overflow:hidden;padding:0;cursor:pointer;box-sizing:content-box\"><svg style=\"display:block;border-radius:999px;\" focusable=\"false\" aria-hidden=\"true\" xmlns=\"http:\/\/www.w3.org\/2000\/svg\" width=\"100%\" height=\"100%\" viewBox=\"-4 -4 39 39\"><path d=\"M28 8.557a9.913 9.913 0 0 1-2.828.775 4.93 4.93 0 0 0 2.166-2.725 9.738 9.738 0 0 1-3.13 1.194 4.92 4.92 0 0 0-3.593-1.55 4.924 4.924 0 0 0-4.794 6.049c-4.09-.21-7.72-2.17-10.15-5.15a4.942 4.942 0 0 0-.665 2.477c0 1.71.87 3.214 2.19 4.1a4.968 4.968 0 0 1-2.23-.616v.06c0 2.39 1.7 4.38 3.952 4.83-.414.115-.85.174-1.297.174-.318 0-.626-.03-.928-.086a4.935 4.935 0 0 0 4.6 3.42 9.893 9.893 0 0 1-6.114 2.107c-.398 0-.79-.023-1.175-.068a13.953 13.953 0 0 0 7.55 2.213c9.056 0 14.01-7.507 14.01-14.013 0-.213-.005-.426-.015-.637.96-.695 1.795-1.56 2.455-2.55z\" fill=\"#fff\"><\/path><\/svg><\/span><\/a><a aria-label=\"Linkedin\" class=\"heateor_sss_button_linkedin\" href=\"https:\/\/www.linkedin.com\/sharing\/share-offsite\/?url=https%3A%2F%2Finfancia-adolescencia.eduvic.coop%2Fes%2Fkomtu%2F\" title=\"Linkedin\" rel=\"nofollow noopener\" target=\"_blank\" style=\"font-size:32px!important;box-shadow:none;display:inline-block;vertical-align:middle\"><span class=\"heateor_sss_svg heateor_sss_s__default heateor_sss_s_linkedin\" style=\"background-color:#0077b5;width:35px;height:35px;border-radius:999px;display:inline-block;opacity:1;float:left;font-size:32px;box-shadow:none;display:inline-block;font-size:16px;padding:0 4px;vertical-align:middle;background-repeat:repeat;overflow:hidden;padding:0;cursor:pointer;box-sizing:content-box\"><svg style=\"display:block;border-radius:999px;\" focusable=\"false\" aria-hidden=\"true\" xmlns=\"http:\/\/www.w3.org\/2000\/svg\" width=\"100%\" height=\"100%\" viewBox=\"0 0 32 32\"><path d=\"M6.227 12.61h4.19v13.48h-4.19V12.61zm2.095-6.7a2.43 2.43 0 0 1 0 4.86c-1.344 0-2.428-1.09-2.428-2.43s1.084-2.43 2.428-2.43m4.72 6.7h4.02v1.84h.058c.56-1.058 1.927-2.176 3.965-2.176 4.238 0 5.02 2.792 5.02 6.42v7.395h-4.183v-6.56c0-1.564-.03-3.574-2.178-3.574-2.18 0-2.514 1.7-2.514 3.46v6.668h-4.187V12.61z\" fill=\"#fff\"><\/path><\/svg><\/span><\/a><a aria-label=\"Whatsapp\" class=\"heateor_sss_whatsapp\" href=\"https:\/\/api.whatsapp.com\/send?text=Komt%C3%BC%20https%3A%2F%2Finfancia-adolescencia.eduvic.coop%2Fes%2Fkomtu%2F\" title=\"Whatsapp\" rel=\"nofollow noopener\" target=\"_blank\" style=\"font-size:32px!important;box-shadow:none;display:inline-block;vertical-align:middle\"><span class=\"heateor_sss_svg\" style=\"background-color:#55eb4c;width:35px;height:35px;border-radius:999px;display:inline-block;opacity:1;float:left;font-size:32px;box-shadow:none;display:inline-block;font-size:16px;padding:0 4px;vertical-align:middle;background-repeat:repeat;overflow:hidden;padding:0;cursor:pointer;box-sizing:content-box\"><svg style=\"display:block;border-radius:999px;\" focusable=\"false\" aria-hidden=\"true\" xmlns=\"http:\/\/www.w3.org\/2000\/svg\" width=\"100%\" height=\"100%\" viewBox=\"-6 -5 40 40\"><path class=\"heateor_sss_svg_stroke heateor_sss_no_fill\" stroke=\"#fff\" stroke-width=\"2\" fill=\"none\" d=\"M 11.579798566743314 24.396926207859085 A 10 10 0 1 0 6.808479557110079 20.73576436351046\"><\/path><path d=\"M 7 19 l -1 6 l 6 -1\" class=\"heateor_sss_no_fill heateor_sss_svg_stroke\" stroke=\"#fff\" stroke-width=\"2\" fill=\"none\"><\/path><path d=\"M 10 10 q -1 8 8 11 c 5 -1 0 -6 -1 -3 q -4 -3 -5 -5 c 4 -2 -1 -5 -1 -4\" fill=\"#fff\"><\/path><\/svg><\/span><\/a><a aria-label=\"Instagram\" class=\"heateor_sss_button_instagram\" href=\"https:\/\/www.instagram.com\/\" title=\"Instagram\" rel=\"nofollow noopener\" target=\"_blank\" style=\"font-size:32px!important;box-shadow:none;display:inline-block;vertical-align:middle\"><span class=\"heateor_sss_svg\" style=\"background-color:#53beee;width:35px;height:35px;border-radius:999px;display:inline-block;opacity:1;float:left;font-size:32px;box-shadow:none;display:inline-block;font-size:16px;padding:0 4px;vertical-align:middle;background-repeat:repeat;overflow:hidden;padding:0;cursor:pointer;box-sizing:content-box\"><svg style=\"display:block;border-radius:999px;\" version=\"1.1\" viewBox=\"-10 -10 148 148\" width=\"100%\" height=\"100%\" xml:space=\"preserve\" xmlns=\"http:\/\/www.w3.org\/2000\/svg\" xmlns:xlink=\"http:\/\/www.w3.org\/1999\/xlink\"><g><g><path d=\"M86,112H42c-14.336,0-26-11.663-26-26V42c0-14.337,11.664-26,26-26h44c14.337,0,26,11.663,26,26v44 C112,100.337,100.337,112,86,112z M42,24c-9.925,0-18,8.074-18,18v44c0,9.925,8.075,18,18,18h44c9.926,0,18-8.075,18-18V42 c0-9.926-8.074-18-18-18H42z\" fill=\"#fff\"><\/path><\/g><g><path d=\"M64,88c-13.234,0-24-10.767-24-24c0-13.234,10.766-24,24-24s24,10.766,24,24C88,77.233,77.234,88,64,88z M64,48c-8.822,0-16,7.178-16,16s7.178,16,16,16c8.822,0,16-7.178,16-16S72.822,48,64,48z\" fill=\"#fff\"><\/path><\/g><g><circle cx=\"89.5\" cy=\"38.5\" fill=\"#fff\" r=\"5.5\"><\/circle><\/g><\/g><\/svg><\/span><\/a><\/div><div class=\"heateorSssClear\"><\/div><\/div><div class='heateorSssClear'><\/div><p>[vc_row][vc_column][vc_column_text css=\u00bb\u00bb el_class=\u00bbtext-blau-bold-18px\u00bb] Komt\u00fc: bienestar emocional y relacional en las escuelas [\/vc_column_text][vc_empty_space][vc_single_image image=\u00bb2521&#8243; img_size=\u00bbfull\u00bb alignment=\u00bbcenter\u00bb &#8230; <a title=\"Komt\u00fc\" class=\"read-more\" href=\"https:\/\/infancia-adolescencia.eduvic.coop\/es\/komtu\/\" aria-label=\"Leer m\u00e1s sobre Komt\u00fc\"> <\/a><\/p>\n","protected":false},"author":8,"featured_media":0,"parent":0,"menu_order":0,"comment_status":"closed","ping_status":"closed","template":"","meta":{"_uag_custom_page_level_css":"","footnotes":""},"class_list":["post-2776","page","type-page","status-publish"],"yoast_head":"<!-- This site is optimized with the Yoast SEO plugin v27.4 - https:\/\/yoast.com\/product\/yoast-seo-wordpress\/ -->\n<title>Komt\u00fc - Inf\u00e0ncia i Adolesc\u00e8ncia - Eduvic<\/title>\n<meta name=\"description\" content=\"Komt\u00fc es un programa integral de acompa\u00f1amiento para la promoci\u00f3n, prevenci\u00f3n e intervenci\u00f3n para el bienestar emocional y relacional en las escuelas.\" \/>\n<meta name=\"robots\" content=\"index, follow, max-snippet:-1, max-image-preview:large, max-video-preview:-1\" \/>\n<link rel=\"canonical\" href=\"https:\/\/infancia-adolescencia.eduvic.coop\/es\/komtu\/\" \/>\n<meta property=\"og:locale\" content=\"es_ES\" \/>\n<meta property=\"og:type\" content=\"article\" \/>\n<meta property=\"og:title\" content=\"Komt\u00fc - Inf\u00e0ncia i Adolesc\u00e8ncia - Eduvic\" \/>\n<meta property=\"og:description\" content=\"Komt\u00fc es un programa integral de acompa\u00f1amiento para la promoci\u00f3n, prevenci\u00f3n e intervenci\u00f3n para el bienestar emocional y relacional en las escuelas.\" \/>\n<meta property=\"og:url\" content=\"https:\/\/infancia-adolescencia.eduvic.coop\/es\/komtu\/\" \/>\n<meta property=\"og:site_name\" content=\"Inf\u00e0ncia i Adolesc\u00e8ncia - Eduvic\" \/>\n<meta property=\"article:modified_time\" content=\"2025-01-29T12:37:23+00:00\" \/>\n<meta name=\"twitter:card\" content=\"summary_large_image\" \/>\n<meta name=\"twitter:label1\" content=\"Tiempo de lectura\" \/>\n\t<meta name=\"twitter:data1\" content=\"2 minutos\" \/>\n<script type=\"application\/ld+json\" class=\"yoast-schema-graph\">{\"@context\":\"https:\\\/\\\/schema.org\",\"@graph\":[{\"@type\":\"WebPage\",\"@id\":\"https:\\\/\\\/infancia-adolescencia.eduvic.coop\\\/es\\\/komtu\\\/\",\"url\":\"https:\\\/\\\/infancia-adolescencia.eduvic.coop\\\/es\\\/komtu\\\/\",\"name\":\"Komt\u00fc - Inf\u00e0ncia i Adolesc\u00e8ncia - Eduvic\",\"isPartOf\":{\"@id\":\"https:\\\/\\\/infancia-adolescencia.eduvic.coop\\\/es\\\/#website\"},\"datePublished\":\"2025-01-09T15:41:51+00:00\",\"dateModified\":\"2025-01-29T12:37:23+00:00\",\"description\":\"Komt\u00fc es un programa integral de acompa\u00f1amiento para la promoci\u00f3n, prevenci\u00f3n e intervenci\u00f3n para el bienestar emocional y relacional en las escuelas.\",\"breadcrumb\":{\"@id\":\"https:\\\/\\\/infancia-adolescencia.eduvic.coop\\\/es\\\/komtu\\\/#breadcrumb\"},\"inLanguage\":\"es\",\"potentialAction\":[{\"@type\":\"ReadAction\",\"target\":[\"https:\\\/\\\/infancia-adolescencia.eduvic.coop\\\/es\\\/komtu\\\/\"]}]},{\"@type\":\"BreadcrumbList\",\"@id\":\"https:\\\/\\\/infancia-adolescencia.eduvic.coop\\\/es\\\/komtu\\\/#breadcrumb\",\"itemListElement\":[{\"@type\":\"ListItem\",\"position\":1,\"name\":\"Portada\",\"item\":\"https:\\\/\\\/infancia-adolescencia.eduvic.coop\\\/es\\\/\"},{\"@type\":\"ListItem\",\"position\":2,\"name\":\"Komt\u00fc\"}]},{\"@type\":\"WebSite\",\"@id\":\"https:\\\/\\\/infancia-adolescencia.eduvic.coop\\\/es\\\/#website\",\"url\":\"https:\\\/\\\/infancia-adolescencia.eduvic.coop\\\/es\\\/\",\"name\":\"Inf\u00e0ncia i Adolesc\u00e8ncia - Eduvic\",\"description\":\"\",\"publisher\":{\"@id\":\"https:\\\/\\\/infancia-adolescencia.eduvic.coop\\\/es\\\/#organization\"},\"potentialAction\":[{\"@type\":\"SearchAction\",\"target\":{\"@type\":\"EntryPoint\",\"urlTemplate\":\"https:\\\/\\\/infancia-adolescencia.eduvic.coop\\\/es\\\/?s={search_term_string}\"},\"query-input\":{\"@type\":\"PropertyValueSpecification\",\"valueRequired\":true,\"valueName\":\"search_term_string\"}}],\"inLanguage\":\"es\"},{\"@type\":\"Organization\",\"@id\":\"https:\\\/\\\/infancia-adolescencia.eduvic.coop\\\/es\\\/#organization\",\"name\":\"Inf\u00e0ncia i Adolesc\u00e8ncia - Eduvic\",\"url\":\"https:\\\/\\\/infancia-adolescencia.eduvic.coop\\\/es\\\/\",\"logo\":{\"@type\":\"ImageObject\",\"inLanguage\":\"es\",\"@id\":\"https:\\\/\\\/infancia-adolescencia.eduvic.coop\\\/es\\\/#\\\/schema\\\/logo\\\/image\\\/\",\"url\":\"https:\\\/\\\/infancia-adolescencia.eduvic.coop\\\/wp-content\\\/uploads\\\/2024\\\/12\\\/INFA\u0300NCIA.png\",\"contentUrl\":\"https:\\\/\\\/infancia-adolescencia.eduvic.coop\\\/wp-content\\\/uploads\\\/2024\\\/12\\\/INFA\u0300NCIA.png\",\"width\":1923,\"height\":799,\"caption\":\"Inf\u00e0ncia i Adolesc\u00e8ncia - Eduvic\"},\"image\":{\"@id\":\"https:\\\/\\\/infancia-adolescencia.eduvic.coop\\\/es\\\/#\\\/schema\\\/logo\\\/image\\\/\"}}]}<\/script>\n<!-- \/ Yoast SEO plugin. -->","yoast_head_json":{"title":"Komt\u00fc - Inf\u00e0ncia i Adolesc\u00e8ncia - Eduvic","description":"Komt\u00fc es un programa integral de acompa\u00f1amiento para la promoci\u00f3n, prevenci\u00f3n e intervenci\u00f3n para el bienestar emocional y relacional en las escuelas.","robots":{"index":"index","follow":"follow","max-snippet":"max-snippet:-1","max-image-preview":"max-image-preview:large","max-video-preview":"max-video-preview:-1"},"canonical":"https:\/\/infancia-adolescencia.eduvic.coop\/es\/komtu\/","og_locale":"es_ES","og_type":"article","og_title":"Komt\u00fc - Inf\u00e0ncia i Adolesc\u00e8ncia - Eduvic","og_description":"Komt\u00fc es un programa integral de acompa\u00f1amiento para la promoci\u00f3n, prevenci\u00f3n e intervenci\u00f3n para el bienestar emocional y relacional en las escuelas.","og_url":"https:\/\/infancia-adolescencia.eduvic.coop\/es\/komtu\/","og_site_name":"Inf\u00e0ncia i Adolesc\u00e8ncia - Eduvic","article_modified_time":"2025-01-29T12:37:23+00:00","twitter_card":"summary_large_image","twitter_misc":{"Tiempo de lectura":"2 minutos"},"schema":{"@context":"https:\/\/schema.org","@graph":[{"@type":"WebPage","@id":"https:\/\/infancia-adolescencia.eduvic.coop\/es\/komtu\/","url":"https:\/\/infancia-adolescencia.eduvic.coop\/es\/komtu\/","name":"Komt\u00fc - Inf\u00e0ncia i Adolesc\u00e8ncia - Eduvic","isPartOf":{"@id":"https:\/\/infancia-adolescencia.eduvic.coop\/es\/#website"},"datePublished":"2025-01-09T15:41:51+00:00","dateModified":"2025-01-29T12:37:23+00:00","description":"Komt\u00fc es un programa integral de acompa\u00f1amiento para la promoci\u00f3n, prevenci\u00f3n e intervenci\u00f3n para el bienestar emocional y relacional en las escuelas.","breadcrumb":{"@id":"https:\/\/infancia-adolescencia.eduvic.coop\/es\/komtu\/#breadcrumb"},"inLanguage":"es","potentialAction":[{"@type":"ReadAction","target":["https:\/\/infancia-adolescencia.eduvic.coop\/es\/komtu\/"]}]},{"@type":"BreadcrumbList","@id":"https:\/\/infancia-adolescencia.eduvic.coop\/es\/komtu\/#breadcrumb","itemListElement":[{"@type":"ListItem","position":1,"name":"Portada","item":"https:\/\/infancia-adolescencia.eduvic.coop\/es\/"},{"@type":"ListItem","position":2,"name":"Komt\u00fc"}]},{"@type":"WebSite","@id":"https:\/\/infancia-adolescencia.eduvic.coop\/es\/#website","url":"https:\/\/infancia-adolescencia.eduvic.coop\/es\/","name":"Inf\u00e0ncia i Adolesc\u00e8ncia - Eduvic","description":"","publisher":{"@id":"https:\/\/infancia-adolescencia.eduvic.coop\/es\/#organization"},"potentialAction":[{"@type":"SearchAction","target":{"@type":"EntryPoint","urlTemplate":"https:\/\/infancia-adolescencia.eduvic.coop\/es\/?s={search_term_string}"},"query-input":{"@type":"PropertyValueSpecification","valueRequired":true,"valueName":"search_term_string"}}],"inLanguage":"es"},{"@type":"Organization","@id":"https:\/\/infancia-adolescencia.eduvic.coop\/es\/#organization","name":"Inf\u00e0ncia i Adolesc\u00e8ncia - Eduvic","url":"https:\/\/infancia-adolescencia.eduvic.coop\/es\/","logo":{"@type":"ImageObject","inLanguage":"es","@id":"https:\/\/infancia-adolescencia.eduvic.coop\/es\/#\/schema\/logo\/image\/","url":"https:\/\/infancia-adolescencia.eduvic.coop\/wp-content\/uploads\/2024\/12\/INFA\u0300NCIA.png","contentUrl":"https:\/\/infancia-adolescencia.eduvic.coop\/wp-content\/uploads\/2024\/12\/INFA\u0300NCIA.png","width":1923,"height":799,"caption":"Inf\u00e0ncia i Adolesc\u00e8ncia - Eduvic"},"image":{"@id":"https:\/\/infancia-adolescencia.eduvic.coop\/es\/#\/schema\/logo\/image\/"}}]}},"uagb_featured_image_src":{"full":false,"thumbnail":false,"medium":false,"medium_large":false,"large":false,"1536x1536":false,"2048x2048":false},"uagb_author_info":{"display_name":"Silvia Casas","author_link":"https:\/\/infancia-adolescencia.eduvic.coop\/es\/author\/silvia-casas\/"},"uagb_comment_info":0,"uagb_excerpt":"[vc_row][vc_column][vc_column_text css=\u00bb\u00bb el_class=\u00bbtext-blau-bold-18px\u00bb] Komt\u00fc: bienestar emocional y relacional en las escuelas [\/vc_column_text][vc_empty_space][vc_single_image image=\u00bb2521&#8243; img_size=\u00bbfull\u00bb alignment=\u00bbcenter\u00bb ...","rttpg_featured_image_url":null,"rttpg_author":{"display_name":"Silvia Casas","author_link":"https:\/\/infancia-adolescencia.eduvic.coop\/es\/author\/silvia-casas\/"},"rttpg_comment":0,"rttpg_category":" <a href=\"https:\/\/infancia-adolescencia.eduvic.coop\/es\/?taxonomy=translation_priority&#038;term=opcional\" rel=\"tag\">Opcional<\/a>","rttpg_excerpt":"[vc_row][vc_column][vc_column_text css=\u00bb\u00bb el_class=\u00bbtext-blau-bold-18px\u00bb] Komt\u00fc: bienestar emocional y relacional en las escuelas [\/vc_column_text][vc_empty_space][vc_single_image image=\u00bb2521&#8243; img_size=\u00bbfull\u00bb alignment=\u00bbcenter\u00bb ...","_links":{"self":[{"href":"https:\/\/infancia-adolescencia.eduvic.coop\/es\/wp-json\/wp\/v2\/pages\/2776","targetHints":{"allow":["GET"]}}],"collection":[{"href":"https:\/\/infancia-adolescencia.eduvic.coop\/es\/wp-json\/wp\/v2\/pages"}],"about":[{"href":"https:\/\/infancia-adolescencia.eduvic.coop\/es\/wp-json\/wp\/v2\/types\/page"}],"author":[{"embeddable":true,"href":"https:\/\/infancia-adolescencia.eduvic.coop\/es\/wp-json\/wp\/v2\/users\/8"}],"replies":[{"embeddable":true,"href":"https:\/\/infancia-adolescencia.eduvic.coop\/es\/wp-json\/wp\/v2\/comments?post=2776"}],"version-history":[{"count":4,"href":"https:\/\/infancia-adolescencia.eduvic.coop\/es\/wp-json\/wp\/v2\/pages\/2776\/revisions"}],"predecessor-version":[{"id":2955,"href":"https:\/\/infancia-adolescencia.eduvic.coop\/es\/wp-json\/wp\/v2\/pages\/2776\/revisions\/2955"}],"wp:attachment":[{"href":"https:\/\/infancia-adolescencia.eduvic.coop\/es\/wp-json\/wp\/v2\/media?parent=2776"}],"curies":[{"name":"wp","href":"https:\/\/api.w.org\/{rel}","templated":true}]}}