{"id":2077,"date":"2024-12-23T16:11:02","date_gmt":"2024-12-23T15:11:02","guid":{"rendered":"https:\/\/infancia-adolescencia.eduvic.coop\/?page_id=2077"},"modified":"2025-02-07T10:03:06","modified_gmt":"2025-02-07T09:03:06","slug":"servicios-de-eduvic","status":"publish","type":"page","link":"https:\/\/infancia-adolescencia.eduvic.coop\/es\/servicios-de-eduvic\/","title":{"rendered":"Servicios de EDUVIC \u00b7 Inf\u00e0ncia i Adolesc\u00e8ncia"},"content":{"rendered":"<div class=\"wpb-content-wrapper\"><p>[vc_section full_width=\u00bbstretch_row\u00bb el_id=\u00bbserveis-desktop\u00bb css=\u00bb.vc_custom_1734966784212{padding-top: 0px !important;padding-bottom: 40px !important;background-color: #FFFFFF00 !important;}\u00bb el_class=\u00bbno-mobile\u00bb][vc_row][vc_column][vc_column_text css=\u00bb\u00bb el_class=\u00bbtext-blau-bold-18px\u00bb]Todos los servicios que gestionamos y promovemos desde EDUVIC \u00b7 Inf\u00e0ncia i Adolesc\u00e8ncia para acompa\u00f1ar y educar a ni\u00f1os, ni\u00f1as y adolescentes, promoviendo su salud emocional y relacional.[\/vc_column_text][\/vc_column][\/vc_row][vc_row css=\u00bb.vc_custom_1735035061993{background-color: #EDEDED00 !important;}\u00bb][vc_column width=\u00bb1\/2&#8243; css=\u00bb.vc_custom_1734698493290{background-color: #EDEDED00 !important;}\u00bb][vc_btn title=\u00bbAcogida de adolescentes y j\u00f3venes reci\u00e9n llegados\/as solos\/as\u00bb style=\u00bboutline-custom\u00bb outline_custom_color=\u00bb#1D2A7C\u00bb outline_custom_hover_background=\u00bb#FFFFFF\u00bb outline_custom_hover_text=\u00bb#1D2A7C\u00bb size=\u00bblg\u00bb align=\u00bbleft\u00bb i_icon_fontawesome=\u00bbfab fa-envira\u00bb css=\u00bb\u00bb button_block=\u00bbtrue\u00bb add_icon=\u00bbtrue\u00bb link=\u00bburl:%23acollida|\u00bb el_class=\u00bbtext-blau-bold-18px\u00bb][vc_btn title=\u00bbRecursos residenciales\u00bb style=\u00bboutline-custom\u00bb outline_custom_color=\u00bb#1D2A7C\u00bb outline_custom_hover_background=\u00bb#FFFFFF\u00bb outline_custom_hover_text=\u00bb#1D2A7C\u00bb size=\u00bblg\u00bb align=\u00bbleft\u00bb i_icon_fontawesome=\u00bbfas fa-home\u00bb css=\u00bb.vc_custom_1737634825241{margin-bottom: 0px !important;}\u00bb button_block=\u00bbtrue\u00bb add_icon=\u00bbtrue\u00bb link=\u00bburl:%23recursos-residencials|\u00bb el_class=\u00bbtext-blau-bold-18px\u00bb][\/vc_column][vc_column width=\u00bb1\/2&#8243; css=\u00bb.vc_custom_1734698481637{background-color: #EDEDED00 !important;}\u00bb][vc_btn title=\u00bbProgramas de inserci\u00f3n laboral\u00bb style=\u00bboutline-custom\u00bb outline_custom_color=\u00bb#1D2A7C\u00bb outline_custom_hover_background=\u00bb#FFFFFF\u00bb outline_custom_hover_text=\u00bb#1D2A7C\u00bb size=\u00bblg\u00bb align=\u00bbleft\u00bb i_icon_fontawesome=\u00bbfas fa-tools\u00bb css=\u00bb\u00bb button_block=\u00bbtrue\u00bb add_icon=\u00bbtrue\u00bb link=\u00bburl:%23insercio-laboral|\u00bb el_class=\u00bbtext-blau-bold-18px\u00bb][vc_btn title=\u00bbMejora del bienestar emocional y relacional en las escuelas\u00bb style=\u00bboutline-custom\u00bb outline_custom_color=\u00bb#1D2A7C\u00bb outline_custom_hover_background=\u00bb#FFFFFF\u00bb outline_custom_hover_text=\u00bb#1D2A7C\u00bb size=\u00bblg\u00bb align=\u00bbleft\u00bb i_icon_fontawesome=\u00bbfas fa-chalkboard-teacher\u00bb css=\u00bb.vc_custom_1737634817443{margin-bottom: 0px !important;}\u00bb button_block=\u00bbtrue\u00bb add_icon=\u00bbtrue\u00bb link=\u00bburl:%23benestar-escoles|\u00bb el_class=\u00bbtext-blau-bold-18px\u00bb][\/vc_column][\/vc_row][\/vc_section][vc_section full_width=\u00bbstretch_row_content\u00bb el_id=\u00bbserveis-mobile\u00bb css=\u00bb.vc_custom_1734967455082{padding-top: 0px !important;padding-bottom: 0px !important;background-color: #FFFFFF00 !important;}\u00bb el_class=\u00bbno-desktop\u00bb][vc_row][vc_column][vc_btn title=\u00bbAcogida de adolescentes y j\u00f3venes reci\u00e9n llegados\/as solos\/as\u00bb style=\u00bboutline-custom\u00bb outline_custom_color=\u00bb#1D2A7C\u00bb outline_custom_hover_background=\u00bb#FFFFFF\u00bb outline_custom_hover_text=\u00bb#1D2A7C\u00bb size=\u00bblg\u00bb align=\u00bbleft\u00bb i_icon_fontawesome=\u00bbfab fa-envira\u00bb css=\u00bb\u00bb button_block=\u00bbtrue\u00bb add_icon=\u00bbtrue\u00bb link=\u00bburl:https%3A%2F%2Finfancia-adolescencia.eduvic.coop%2Fes%2Facogida-de-adolescentes-y-jovenes-recien-llegados-as-solos-as%2F|\u00bb el_class=\u00bbtext-blau-bold-18px\u00bb][vc_btn title=\u00bbRecursos residenciales\u00bb style=\u00bboutline-custom\u00bb outline_custom_color=\u00bb#1D2A7C\u00bb outline_custom_hover_background=\u00bb#FFFFFF\u00bb outline_custom_hover_text=\u00bb#1D2A7C\u00bb size=\u00bblg\u00bb align=\u00bbleft\u00bb i_icon_fontawesome=\u00bbfas fa-home\u00bb css=\u00bb\u00bb button_block=\u00bbtrue\u00bb add_icon=\u00bbtrue\u00bb link=\u00bburl:https%3A%2F%2Finfancia-adolescencia.eduvic.coop%2Fes%2Frecursos-residenciales%2F|\u00bb el_class=\u00bbtext-blau-bold-18px\u00bb][vc_btn title=\u00bbProgramas de inserci\u00f3n laboral\u00bb style=\u00bboutline-custom\u00bb outline_custom_color=\u00bb#1D2A7C\u00bb outline_custom_hover_background=\u00bb#FFFFFF\u00bb outline_custom_hover_text=\u00bb#1D2A7C\u00bb size=\u00bblg\u00bb align=\u00bbleft\u00bb i_icon_fontawesome=\u00bbfas fa-tools\u00bb css=\u00bb\u00bb button_block=\u00bbtrue\u00bb add_icon=\u00bbtrue\u00bb link=\u00bburl:https%3A%2F%2Finfancia-adolescencia.eduvic.coop%2Fprogramas-de-insercion-laboral%2F|\u00bb el_class=\u00bbtext-blau-bold-18px\u00bb][vc_btn title=\u00bbMejora del bienestar emocional y relacional en las escuelas\u00bb style=\u00bboutline-custom\u00bb outline_custom_color=\u00bb#1D2A7C\u00bb outline_custom_hover_background=\u00bb#FFFFFF\u00bb outline_custom_hover_text=\u00bb#1D2A7C\u00bb size=\u00bblg\u00bb align=\u00bbleft\u00bb i_icon_fontawesome=\u00bbfas fa-chalkboard-teacher\u00bb css=\u00bb\u00bb button_block=\u00bbtrue\u00bb add_icon=\u00bbtrue\u00bb link=\u00bburl:https%3A%2F%2Finfancia-adolescencia.eduvic.coop%2Fes%2Fkomtu%2F|\u00bb el_class=\u00bbtext-blau-bold-18px\u00bb][\/vc_column][\/vc_row][\/vc_section][vc_section el_id=\u00bbacollida\u00bb el_class=\u00bbno-mobile\u00bb][vc_row][vc_column][vc_separator color=\u00bbcustom\u00bb style=\u00bbdotted\u00bb border_width=\u00bb3&#8243; css=\u00bb\u00bb accent_color=\u00bb#EDEDED\u00bb][vc_empty_space][vc_column_text css=\u00bb\u00bb]<\/p>\n<h3 style=\"text-align: left; color: #1d2a7c;\">Acogida de adolescentes y j\u00f3venes reci\u00e9n llegados\/as solos\/as<\/h3>\n<p>[\/vc_column_text][vc_empty_space][\/vc_column][\/vc_row][vc_row][vc_column][vc_tta_tabs style=\u00bboutline\u00bb color=\u00bbwhite\u00bb alignment=\u00bbcenter\u00bb active_section=\u00bb1&#8243; el_class=\u00bbpestanyes-serveis\u00bb][vc_tta_section title=\u00bbServicio de Protecci\u00f3n i Emergencia (SPE)\u00bb tab_id=\u00bbspe\u00bb][vc_row_inner equal_height=\u00bbyes\u00bb content_placement=\u00bbmiddle\u00bb gap=\u00bb10&#8243;][vc_column_inner width=\u00bb1\/3&#8243;][vc_single_image image=\u00bb2346&#8243; img_size=\u00bbfull\u00bb style=\u00bbvc_box_rounded\u00bb css=\u00bb.vc_custom_1737713513747{margin-bottom: 0px !important;}\u00bb el_class=\u00bbbordes-m\u00bb][\/vc_column_inner][vc_column_inner width=\u00bb1\/3&#8243;][vc_column_text css=\u00bb.vc_custom_1735033582618{margin-right: 30px !important;padding-top: 40px !important;}\u00bb el_class=\u00bbtext-blau\u00bb]Servicio especializado que presta una <strong>acogida integral de urgencia<\/strong> a j\u00f3venes reci\u00e9n llegados\/as no acompa\u00f1ados\/as llegados recientemente a Catalu\u00f1a. Ofrece:<\/p>\n<ul>\n<li>Alojamiento, manutenci\u00f3n, primera atenci\u00f3n sanitaria, informaci\u00f3n, atenci\u00f3n psicol\u00f3gica y apoyo jur\u00eddico.<\/li>\n<li>An\u00e1lisis del proyecto migratorio y la valoraci\u00f3n y derivaci\u00f3n hacia los otros servicios comunitarios o del resto del sistema de protecci\u00f3n o con la familia, en el territorio que sea pertinente.<\/li>\n<li>Acceso a recursos educativos, aprendizaje de catal\u00e1n y castellano, conocimiento de la cultura, los usos y las costumbres del pa\u00eds de acogida a trav\u00e9s de talleres, salidas, actividades y la pr\u00e1ctica del deporte.<\/li>\n<\/ul>\n<p>[\/vc_column_text][\/vc_column_inner][vc_column_inner el_class=\u00bbfondo-wrapper-outlined\u00bb width=\u00bb1\/3&#8243;][vc_column_text css=\u00bb\u00bb el_class=\u00bbtext-blau-bold-18px\u00bb]<\/p>\n<p style=\"text-align: center;\">Durante el 2023<\/p>\n<p>[\/vc_column_text][vc_empty_space height=\u00bb20px\u00bb]<div class=\"ult-content-box-container box-centrar-2-elementos\" >\t\t<div class=\"ult-content-box\" style=\"box-shadow: px px px px none;-webkit-transition: all 700ms ease;-moz-transition: all 700ms ease;-ms-transition: all 700ms ease;-o-transition: all 700ms ease;transition: all 700ms ease;\"  data-hover_box_shadow=\"none\"    ><div class=\"stats-block stats-top  \"><div class=\"aio-icon-top\"><div class=\"ult-just-icon-wrapper  \"><div class=\"align-icon\" style=\"text-align:center;\"><\/div><\/div><\/div><div class=\"stats-desc\" id=\"counter-responsv-wrap-5269\"><div id=\"counter_257425464369f2efdabcb78\" data-id=\"counter_257425464369f2efdabcb78\"  data-ultimate-target='#counter-responsv-wrap-5269 .stats-number'  data-responsive-json-new='{\"font-size\":\"\",\"line-height\":\"\"}'  class=\"stats-number ult-responsive\" style=\"font-size:28px; color:#1D2A7C; color:#1D2A7C;\" data-speed=\"2\" data-counter-value=\"55\" data-separator=\",\" data-decimal=\".\">0<\/div><div id=\"title-counter_257425464369f2efdabcb78\"  data-ultimate-target='#counter-responsv-wrap-5269 .stats-text'  data-responsive-json-new='{\"font-size\":\"\",\"line-height\":\"\"}'  class=\"stats-text ult-responsive\" style=\"font-size:18px; color:#1D2A7C; \">j\u00f3venes atendidos<\/div><\/div><\/div><div class=\"stats-block stats-top  \"><div class=\"aio-icon-top\"><div class=\"ult-just-icon-wrapper  \"><div class=\"align-icon\" style=\"text-align:center;\"><\/div><\/div><\/div><div class=\"stats-desc\" id=\"counter-responsv-wrap-5417\"><div id=\"counter_143544535969f2efdabcbef\" data-id=\"counter_143544535969f2efdabcbef\"  data-ultimate-target='#counter-responsv-wrap-5417 .stats-number'  data-responsive-json-new='{\"font-size\":\"\",\"line-height\":\"\"}'  class=\"stats-number ult-responsive\" style=\"font-size:28px; color:#1D2A7C; color:#1D2A7C;\" data-speed=\"2\" data-counter-value=\"1\" data-separator=\",\" data-decimal=\".\">0<\/div><div id=\"title-counter_143544535969f2efdabcbef\"  data-ultimate-target='#counter-responsv-wrap-5417 .stats-text'  data-responsive-json-new='{\"font-size\":\"\",\"line-height\":\"\"}'  class=\"stats-text ult-responsive\" style=\"font-size:18px; color:#1D2A7C; \">servicio<\/div><\/div><\/div>\t\t<\/div><\/div>[\/vc_column_inner][\/vc_row_inner][\/vc_tta_section][vc_tta_section title=\u00bbPisos de autonom\u00eda\u00bb tab_id=\u00bbpisos\u00bb][vc_row_inner equal_height=\u00bbyes\u00bb content_placement=\u00bbmiddle\u00bb][vc_column_inner width=\u00bb1\/3&#8243;][vc_single_image image=\u00bb2358&#8243; img_size=\u00bbfull\u00bb style=\u00bbvc_box_rounded\u00bb css=\u00bb.vc_custom_1737713521611{margin-bottom: 0px !important;}\u00bb el_class=\u00bbbordes-m\u00bb][\/vc_column_inner][vc_column_inner width=\u00bb1\/3&#8243;][vc_column_text css=\u00bb.vc_custom_1734955847137{margin-right: 30px !important;padding-top: 40px !important;}\u00bb el_class=\u00bbtext-blau\u00bb]EDUVIC dispone de un piso asistido (j\u00f3venes de entre 16-18 a\u00f1os) y tres de autonom\u00eda (mayores de 18 a\u00f1os) por:<\/p>\n<ul>\n<li>Servir de puente entre el recurso institucional y plena autonom\u00eda personal.<\/li>\n<li>Dar la posibilidad a los j\u00f3venes de acabar de completar su proceso madurativo, con el acompa\u00f1amiento especializado de un equipo de educadores y educadoras.<\/li>\n<li>Potenciar la autonom\u00eda de los y las j\u00f3venes, favoreciendo la toma de conciencia de su situaci\u00f3n y orient\u00e1ndolos\/as en sus expectativas de futuro, ajust\u00e1ndolas a la realidad.<\/li>\n<\/ul>\n<p>[\/vc_column_text][\/vc_column_inner][vc_column_inner el_class=\u00bbfondo-wrapper-outlined\u00bb width=\u00bb1\/3&#8243;][vc_column_text css=\u00bb\u00bb el_class=\u00bbtext-blau-bold-18px\u00bb]<\/p>\n<p style=\"text-align: center;\">Durante el 2023<\/p>\n<p>[\/vc_column_text][vc_empty_space height=\u00bb20px\u00bb]<div class=\"ult-content-box-container box-centrar-2-elementos\" >\t\t<div class=\"ult-content-box\" style=\"box-shadow: px px px px none;-webkit-transition: all 700ms ease;-moz-transition: all 700ms ease;-ms-transition: all 700ms ease;-o-transition: all 700ms ease;transition: all 700ms ease;\"  data-hover_box_shadow=\"none\"    ><div class=\"stats-block stats-top  \"><div class=\"aio-icon-top\"><div class=\"ult-just-icon-wrapper  \"><div class=\"align-icon\" style=\"text-align:center;\"><\/div><\/div><\/div><div class=\"stats-desc\" id=\"counter-responsv-wrap-4428\"><div id=\"counter_24401839269f2efdabcc7c\" data-id=\"counter_24401839269f2efdabcc7c\"  data-ultimate-target='#counter-responsv-wrap-4428 .stats-number'  data-responsive-json-new='{\"font-size\":\"\",\"line-height\":\"\"}'  class=\"stats-number ult-responsive\" style=\"font-size:28px; color:#1D2A7C; color:#1D2A7C;\" data-speed=\"2\" data-counter-value=\"37\" data-separator=\",\" data-decimal=\".\">0<\/div><div id=\"title-counter_24401839269f2efdabcc7c\"  data-ultimate-target='#counter-responsv-wrap-4428 .stats-text'  data-responsive-json-new='{\"font-size\":\"\",\"line-height\":\"\"}'  class=\"stats-text ult-responsive\" style=\"font-size:18px; color:#1D2A7C; \">j\u00f3venes atendidos<\/div><\/div><\/div><div class=\"stats-block stats-top  \"><div class=\"aio-icon-top\"><div class=\"ult-just-icon-wrapper  \"><div class=\"align-icon\" style=\"text-align:center;\"><\/div><\/div><\/div><div class=\"stats-desc\" id=\"counter-responsv-wrap-9799\"><div id=\"counter_46972248069f2efdabccd1\" data-id=\"counter_46972248069f2efdabccd1\"  data-ultimate-target='#counter-responsv-wrap-9799 .stats-number'  data-responsive-json-new='{\"font-size\":\"\",\"line-height\":\"\"}'  class=\"stats-number ult-responsive\" style=\"font-size:28px; color:#1D2A7C; color:#1D2A7C;\" data-speed=\"2\" data-counter-value=\"4\" data-separator=\",\" data-decimal=\".\">0<\/div><div id=\"title-counter_46972248069f2efdabccd1\"  data-ultimate-target='#counter-responsv-wrap-9799 .stats-text'  data-responsive-json-new='{\"font-size\":\"\",\"line-height\":\"\"}'  class=\"stats-text ult-responsive\" style=\"font-size:18px; color:#1D2A7C; \">pisos<\/div><\/div><\/div>\t\t<\/div><\/div>[\/vc_column_inner][\/vc_row_inner][\/vc_tta_section][vc_tta_section title=\u00bbPisos de Inserci\u00f3n Laboral (PIL)\u00bb tab_id=\u00bbpil\u00bb][vc_row_inner equal_height=\u00bbyes\u00bb content_placement=\u00bbmiddle\u00bb gap=\u00bb10&#8243;][vc_column_inner width=\u00bb1\/3&#8243;][vc_single_image image=\u00bb2354&#8243; img_size=\u00bbfull\u00bb style=\u00bbvc_box_rounded\u00bb css=\u00bb\u00bb el_class=\u00bbbordes-m\u00bb][\/vc_column_inner][vc_column_inner width=\u00bb1\/3&#8243;][vc_column_text css=\u00bb.vc_custom_1734955964103{padding-top: 40px !important;}\u00bb el_class=\u00bbtext-blau\u00bb]Servicios residenciales para <strong>acompa\u00f1ar a j\u00f3venes tutelados\/as y extutelados\/as<\/strong> por la Direcci\u00f3n General de Atenci\u00f3n a la Infancia y la Adolescencia (DGAIA), de entre 16 y 21 a\u00f1os, <strong>en el proceso de emancipaci\u00f3n y transici\u00f3n a la vida adulta<\/strong>. Esto se realiza mediante el trabajo en h\u00e1bitos cotidianos, gesti\u00f3n econ\u00f3mica, b\u00fasqueda y participaci\u00f3n en recursos formativos, pr\u00e1cticas en empresas y participaci\u00f3n en la comunidad, con el objetivo de adquirir las competencias necesarias para convertirse en personas aut\u00f3nomas y lograr un empleo estable.[\/vc_column_text][\/vc_column_inner][vc_column_inner el_class=\u00bbfondo-wrapper-outlined\u00bb width=\u00bb1\/3&#8243;][vc_column_text css=\u00bb\u00bb el_class=\u00bbtext-blau-bold-18px\u00bb]<\/p>\n<p style=\"text-align: center;\">Durante el 2023<\/p>\n<p>[\/vc_column_text][vc_empty_space height=\u00bb20px\u00bb]<div class=\"ult-content-box-container box-centrar-2-elementos\" >\t\t<div class=\"ult-content-box\" style=\"box-shadow: px px px px none;-webkit-transition: all 700ms ease;-moz-transition: all 700ms ease;-ms-transition: all 700ms ease;-o-transition: all 700ms ease;transition: all 700ms ease;\"  data-hover_box_shadow=\"none\"    ><div class=\"stats-block stats-top  \"><div class=\"aio-icon-top\"><div class=\"ult-just-icon-wrapper  \"><div class=\"align-icon\" style=\"text-align:center;\"><\/div><\/div><\/div><div class=\"stats-desc\" id=\"counter-responsv-wrap-1761\"><div id=\"counter_14241208869f2efdabcd4a\" data-id=\"counter_14241208869f2efdabcd4a\"  data-ultimate-target='#counter-responsv-wrap-1761 .stats-number'  data-responsive-json-new='{\"font-size\":\"\",\"line-height\":\"\"}'  class=\"stats-number ult-responsive\" style=\"font-size:28px; color:#1D2A7C; color:#1D2A7C;\" data-speed=\"2\" data-counter-value=\"293\" data-separator=\",\" data-decimal=\".\">0<\/div><div id=\"title-counter_14241208869f2efdabcd4a\"  data-ultimate-target='#counter-responsv-wrap-1761 .stats-text'  data-responsive-json-new='{\"font-size\":\"\",\"line-height\":\"\"}'  class=\"stats-text ult-responsive\" style=\"font-size:18px; color:#1D2A7C; \">j\u00f3venes atendidos\/as<\/div><\/div><\/div><div class=\"stats-block stats-top  \"><div class=\"aio-icon-top\"><div class=\"ult-just-icon-wrapper  \"><div class=\"align-icon\" style=\"text-align:center;\"><\/div><\/div><\/div><div class=\"stats-desc\" id=\"counter-responsv-wrap-2548\"><div id=\"counter_205024836069f2efdabcd97\" data-id=\"counter_205024836069f2efdabcd97\"  data-ultimate-target='#counter-responsv-wrap-2548 .stats-number'  data-responsive-json-new='{\"font-size\":\"\",\"line-height\":\"\"}'  class=\"stats-number ult-responsive\" style=\"font-size:28px; color:#1D2A7C; color:#1D2A7C;\" data-speed=\"2\" data-counter-value=\"28\" data-separator=\",\" data-decimal=\".\">0<\/div><div id=\"title-counter_205024836069f2efdabcd97\"  data-ultimate-target='#counter-responsv-wrap-2548 .stats-text'  data-responsive-json-new='{\"font-size\":\"\",\"line-height\":\"\"}'  class=\"stats-text ult-responsive\" style=\"font-size:18px; color:#1D2A7C; \">pisos<\/div><\/div><\/div>\t\t<\/div><\/div>[\/vc_column_inner][\/vc_row_inner][\/vc_tta_section][\/vc_tta_tabs][vc_empty_space][\/vc_column][\/vc_row][\/vc_section][vc_section el_id=\u00bbrecursos-residencials\u00bb el_class=\u00bbno-mobile\u00bb][vc_row][vc_column][vc_separator color=\u00bbcustom\u00bb style=\u00bbdotted\u00bb border_width=\u00bb3&#8243; css=\u00bb\u00bb accent_color=\u00bb#EDEDED\u00bb][vc_empty_space][vc_column_text css=\u00bb\u00bb el_class=\u00bbtext-blau-bold-22px\u00bb]<\/p>\n<h3 style=\"text-align: left; color: #1d2a7c;\">Recursos residenciales<\/h3>\n<p>[\/vc_column_text][vc_empty_space][\/vc_column][\/vc_row][vc_row][vc_column][vc_tta_tabs style=\u00bboutline\u00bb color=\u00bbwhite\u00bb alignment=\u00bbcenter\u00bb active_section=\u00bb1&#8243; el_class=\u00bbpestanyes-serveis\u00bb][vc_tta_section title=\u00bbCentro Residencial de Acci\u00f3n Educativa (CRAE)\u00bb tab_id=\u00bbcrae\u00bb][vc_row_inner equal_height=\u00bbyes\u00bb content_placement=\u00bbmiddle\u00bb gap=\u00bb10&#8243;][vc_column_inner width=\u00bb1\/3&#8243;][vc_single_image image=\u00bb2400&#8243; img_size=\u00bbfull\u00bb style=\u00bbvc_box_rounded\u00bb css=\u00bb.vc_custom_1737713539915{margin-bottom: 0px !important;}\u00bb el_class=\u00bbbordes-m\u00bb][\/vc_column_inner][vc_column_inner width=\u00bb1\/3&#8243;][vc_column_text css=\u00bb.vc_custom_1734962442459{margin-right: 30px !important;padding-top: 40px !important;}\u00bb el_class=\u00bbtext-blau\u00bb]Centros educativos residenciales mixtos y verticales que ofrecen a ni\u00f1os, ni\u00f1as y adolescentes un espacio seguro donde puedan experimentar protecci\u00f3n, afecto, educaci\u00f3n y obtener experiencias de sociabilidad que favorezcan su desarrollo integral. Adem\u00e1s, se promueve su participaci\u00f3n activa en los procesos educativos para que puedan crecer en autonom\u00eda y alcanzar los logros propios de su edad.[\/vc_column_text][\/vc_column_inner][vc_column_inner el_class=\u00bbfondo-wrapper-outlined\u00bb width=\u00bb1\/3&#8243;][vc_column_text css=\u00bb\u00bb el_class=\u00bbtext-blau-bold-18px\u00bb]<\/p>\n<p style=\"text-align: center;\">Durante el 2023<\/p>\n<p>[\/vc_column_text][vc_empty_space height=\u00bb20px\u00bb]<div class=\"ult-content-box-container box-centrar-2-elementos\" >\t\t<div class=\"ult-content-box\" style=\"box-shadow: px px px px none;-webkit-transition: all 700ms ease;-moz-transition: all 700ms ease;-ms-transition: all 700ms ease;-o-transition: all 700ms ease;transition: all 700ms ease;\"  data-hover_box_shadow=\"none\"    ><div class=\"stats-block stats-top  \"><div class=\"aio-icon-top\"><div class=\"ult-just-icon-wrapper  \"><div class=\"align-icon\" style=\"text-align:center;\"><\/div><\/div><\/div><div class=\"stats-desc\" id=\"counter-responsv-wrap-2417\"><div id=\"counter_364251180169f2efdabce0b\" data-id=\"counter_364251180169f2efdabce0b\"  data-ultimate-target='#counter-responsv-wrap-2417 .stats-number'  data-responsive-json-new='{\"font-size\":\"\",\"line-height\":\"\"}'  class=\"stats-number ult-responsive\" style=\"font-size:28px; color:#1D2A7C; color:#1D2A7C;\" data-speed=\"2\" data-counter-value=\"96\" data-separator=\",\" data-decimal=\".\">0<\/div><div id=\"title-counter_364251180169f2efdabce0b\"  data-ultimate-target='#counter-responsv-wrap-2417 .stats-text'  data-responsive-json-new='{\"font-size\":\"\",\"line-height\":\"\"}'  class=\"stats-text ult-responsive\" style=\"font-size:18px; color:#1D2A7C; \">j\u00f3venes atendidos\/as<\/div><\/div><\/div><div class=\"stats-block stats-top  \"><div class=\"aio-icon-top\"><div class=\"ult-just-icon-wrapper  \"><div class=\"align-icon\" style=\"text-align:center;\"><\/div><\/div><\/div><div class=\"stats-desc\" id=\"counter-responsv-wrap-3230\"><div id=\"counter_228498394269f2efdabce67\" data-id=\"counter_228498394269f2efdabce67\"  data-ultimate-target='#counter-responsv-wrap-3230 .stats-number'  data-responsive-json-new='{\"font-size\":\"\",\"line-height\":\"\"}'  class=\"stats-number ult-responsive\" style=\"font-size:28px; color:#1D2A7C; color:#1D2A7C;\" data-speed=\"2\" data-counter-value=\"4\" data-separator=\",\" data-decimal=\".\">0<\/div><div id=\"title-counter_228498394269f2efdabce67\"  data-ultimate-target='#counter-responsv-wrap-3230 .stats-text'  data-responsive-json-new='{\"font-size\":\"\",\"line-height\":\"\"}'  class=\"stats-text ult-responsive\" style=\"font-size:18px; color:#1D2A7C; \">centros<\/div><\/div><\/div>\t\t<\/div><\/div><div class=\"ult-content-box-container box-centrar-2-elementos\" >\t\t<div class=\"ult-content-box\" style=\"box-shadow: px px px px none;-webkit-transition: all 700ms ease;-moz-transition: all 700ms ease;-ms-transition: all 700ms ease;-o-transition: all 700ms ease;transition: all 700ms ease;\"  data-hover_box_shadow=\"none\"    >[vc_single_image image=\u00bb2916&#8243; img_size=\u00bbfull\u00bb alignment=\u00bbcenter\u00bb onclick=\u00bbcustom_link\u00bb img_link_target=\u00bb_blank\u00bb css=\u00bb\u00bb link=\u00bbhttps:\/\/dretssocials.gencat.cat\/ca\/inici\u00bb][vc_single_image image=\u00bb2918&#8243; img_size=\u00bbfull\u00bb alignment=\u00bbcenter\u00bb onclick=\u00bbcustom_link\u00bb img_link_target=\u00bb_blank\u00bb css=\u00bb\u00bb link=\u00bbhttps:\/\/www.cssbcn.cat\/index.php\/ca\/\u00bb]\t\t<\/div><\/div>[\/vc_column_inner][\/vc_row_inner][\/vc_tta_section][vc_tta_section title=\u00bbAntaviana. Residencia maternal \u00bb tab_id=\u00bbAntaviana\u00bb][vc_row_inner equal_height=\u00bbyes\u00bb content_placement=\u00bbmiddle\u00bb][vc_column_inner width=\u00bb1\/3&#8243;][vc_single_image image=\u00bb2396&#8243; img_size=\u00bbfull\u00bb style=\u00bbvc_box_rounded\u00bb css=\u00bb.vc_custom_1737713546689{margin-bottom: 0px !important;}\u00bb el_class=\u00bbbordes-m\u00bb][\/vc_column_inner][vc_column_inner width=\u00bb1\/3&#8243;][vc_column_text css=\u00bb.vc_custom_1734962524913{margin-right: 30px !important;padding-top: 40px !important;}\u00bb el_class=\u00bbtext-blau\u00bb]Centro residencial donde se ofrece acogida a chicas adolescentes que son madres o est\u00e1n embarazadas. Es un recurso especializado donde se trabaja el acompa\u00f1amiento a las adolescentes tanto en su faceta materna como en la adolescente.<\/p>\n<ul>\n<li>Trabajamos desde el acompa\u00f1amiento a la maternidad con el objetivo de fortalecer el v\u00ednculo maternofilial y ayudarles a adquirir herramientas y estrategias socioeducativas, as\u00ed como nuevas capacidades.<\/li>\n<li>Favorecemos, siempre que sea posible, el retorno a sus familias, ya sean de origen o creadas.<\/li>\n<li>Paralelamente, atendemos las necesidades de la adolescente, ya que se encuentra en una etapa de cambio y evoluci\u00f3n constante que requiere una atenci\u00f3n cercana, c\u00e1lida y afectiva.<\/li>\n<\/ul>\n<p>[\/vc_column_text][\/vc_column_inner][vc_column_inner el_class=\u00bbfondo-wrapper-outlined\u00bb width=\u00bb1\/3&#8243;][vc_column_text css=\u00bb\u00bb el_class=\u00bbtext-blau-bold-18px\u00bb]<\/p>\n<p style=\"text-align: center;\">Durante el 2023<\/p>\n<p>[\/vc_column_text][vc_empty_space height=\u00bb20px\u00bb]<div class=\"ult-content-box-container box-centrar-2-elementos\" >\t\t<div class=\"ult-content-box\" style=\"box-shadow: px px px px none;-webkit-transition: all 700ms ease;-moz-transition: all 700ms ease;-ms-transition: all 700ms ease;-o-transition: all 700ms ease;transition: all 700ms ease;\"  data-hover_box_shadow=\"none\"    ><div class=\"stats-block stats-top  \"><div class=\"aio-icon-top\"><div class=\"ult-just-icon-wrapper  \"><div class=\"align-icon\" style=\"text-align:center;\"><\/div><\/div><\/div><div class=\"stats-desc\" id=\"counter-responsv-wrap-5407\"><div id=\"counter_257000735169f2efdabcf15\" data-id=\"counter_257000735169f2efdabcf15\"  data-ultimate-target='#counter-responsv-wrap-5407 .stats-number'  data-responsive-json-new='{\"font-size\":\"\",\"line-height\":\"\"}'  class=\"stats-number ult-responsive\" style=\"font-size:28px; color:#1D2A7C; color:#1D2A7C;\" data-speed=\"2\" data-counter-value=\"38\" data-separator=\",\" data-decimal=\".\">0<\/div><div id=\"title-counter_257000735169f2efdabcf15\"  data-ultimate-target='#counter-responsv-wrap-5407 .stats-text'  data-responsive-json-new='{\"font-size\":\"\",\"line-height\":\"\"}'  class=\"stats-text ult-responsive\" style=\"font-size:18px; color:#1D2A7C; \">personas atendidas<\/div><\/div><\/div><div class=\"stats-block stats-top  \"><div class=\"aio-icon-top\"><div class=\"ult-just-icon-wrapper  \"><div class=\"align-icon\" style=\"text-align:center;\"><\/div><\/div><\/div><div class=\"stats-desc\" id=\"counter-responsv-wrap-8696\"><div id=\"counter_287641654869f2efdabcf63\" data-id=\"counter_287641654869f2efdabcf63\"  data-ultimate-target='#counter-responsv-wrap-8696 .stats-number'  data-responsive-json-new='{\"font-size\":\"\",\"line-height\":\"\"}'  class=\"stats-number ult-responsive\" style=\"font-size:28px; color:#1D2A7C; color:#1D2A7C;\" data-speed=\"2\" data-counter-value=\"30\" data-separator=\",\" data-decimal=\".\">0<\/div><div id=\"title-counter_287641654869f2efdabcf63\"  data-ultimate-target='#counter-responsv-wrap-8696 .stats-text'  data-responsive-json-new='{\"font-size\":\"\",\"line-height\":\"\"}'  class=\"stats-text ult-responsive\" style=\"font-size:18px; color:#1D2A7C; \">plazas<\/div><\/div><\/div>\t\t<\/div><\/div>[vc_single_image image=\u00bb2916&#8243; img_size=\u00bbfull\u00bb alignment=\u00bbcenter\u00bb onclick=\u00bbcustom_link\u00bb img_link_target=\u00bb_blank\u00bb css=\u00bb\u00bb link=\u00bbhttps:\/\/dretssocials.gencat.cat\/ca\/inici\u00bb][\/vc_column_inner][\/vc_row_inner][\/vc_tta_section][vc_tta_section title=\u00bbCentro de Acogida (CA)\u00bb tab_id=\u00bbca\u00bb][vc_row_inner equal_height=\u00bbyes\u00bb content_placement=\u00bbmiddle\u00bb gap=\u00bb10&#8243;][vc_column_inner width=\u00bb1\/3&#8243;][vc_single_image image=\u00bb2398&#8243; img_size=\u00bbfull\u00bb style=\u00bbvc_box_rounded\u00bb css=\u00bb\u00bb el_class=\u00bbbordes-m\u00bb][\/vc_column_inner][vc_column_inner width=\u00bb1\/3&#8243;][vc_column_text css=\u00bb.vc_custom_1734962593110{padding-top: 40px !important;}\u00bb el_class=\u00bbtext-blau\u00bb]Centro de Acogida con car\u00e1cter de urgencia, durante un corto per\u00edodo de tiempo, para ni\u00f1os, ni\u00f1as y adolescentes que se encuentran en una situaci\u00f3n grave de desprotecci\u00f3n y alto riesgo f\u00edsico o ps\u00edquico, mientras se realiza la valoraci\u00f3n diagn\u00f3stica que determinar\u00e1 la medida y el recurso de protecci\u00f3n m\u00e1s adecuado para cada menor. Desde el centro se trabajan intensamente las dificultades relacionales que han motivado el ingreso y, de manera transversal e interdisciplinaria, se buscan nuevas formas de interacci\u00f3n que permitan un mejor funcionamiento familiar a largo plazo y el retorno de los ni\u00f1os o ni\u00f1as al hogar.[\/vc_column_text][\/vc_column_inner][vc_column_inner el_class=\u00bbfondo-wrapper-outlined\u00bb width=\u00bb1\/3&#8243;][vc_column_text css=\u00bb\u00bb el_class=\u00bbtext-blau-bold-18px\u00bb]<\/p>\n<p style=\"text-align: center;\">Durante el 2023<\/p>\n<p>[\/vc_column_text][vc_empty_space height=\u00bb20px\u00bb]<div class=\"ult-content-box-container box-centrar-2-elementos\" >\t\t<div class=\"ult-content-box\" style=\"box-shadow: px px px px none;-webkit-transition: all 700ms ease;-moz-transition: all 700ms ease;-ms-transition: all 700ms ease;-o-transition: all 700ms ease;transition: all 700ms ease;\"  data-hover_box_shadow=\"none\"    ><div class=\"stats-block stats-top  \"><div class=\"aio-icon-top\"><div class=\"ult-just-icon-wrapper  \"><div class=\"align-icon\" style=\"text-align:center;\"><\/div><\/div><\/div><div class=\"stats-desc\" id=\"counter-responsv-wrap-4260\"><div id=\"counter_253426706369f2efdabcfd4\" data-id=\"counter_253426706369f2efdabcfd4\"  data-ultimate-target='#counter-responsv-wrap-4260 .stats-number'  data-responsive-json-new='{\"font-size\":\"\",\"line-height\":\"\"}'  class=\"stats-number ult-responsive\" style=\"font-size:28px; color:#1D2A7C; color:#1D2A7C;\" data-speed=\"2\" data-counter-value=\"253\" data-separator=\",\" data-decimal=\".\">0<\/div><div id=\"title-counter_253426706369f2efdabcfd4\"  data-ultimate-target='#counter-responsv-wrap-4260 .stats-text'  data-responsive-json-new='{\"font-size\":\"\",\"line-height\":\"\"}'  class=\"stats-text ult-responsive\" style=\"font-size:18px; color:#1D2A7C; \">ni\u00f1os, ni\u00f1as y adolescentes atendidos\/as<\/div><\/div><\/div><div class=\"stats-block stats-top  \"><div class=\"aio-icon-top\"><div class=\"ult-just-icon-wrapper  \"><div class=\"align-icon\" style=\"text-align:center;\"><\/div><\/div><\/div><div class=\"stats-desc\" id=\"counter-responsv-wrap-1839\"><div id=\"counter_295166180469f2efdabd01f\" data-id=\"counter_295166180469f2efdabd01f\"  data-ultimate-target='#counter-responsv-wrap-1839 .stats-number'  data-responsive-json-new='{\"font-size\":\"\",\"line-height\":\"\"}'  class=\"stats-number ult-responsive\" style=\"font-size:28px; color:#1D2A7C; color:#1D2A7C;\" data-speed=\"2\" data-counter-value=\"52\" data-separator=\",\" data-decimal=\".\">0<\/div><div id=\"title-counter_295166180469f2efdabd01f\"  data-ultimate-target='#counter-responsv-wrap-1839 .stats-text'  data-responsive-json-new='{\"font-size\":\"\",\"line-height\":\"\"}'  class=\"stats-text ult-responsive\" style=\"font-size:18px; color:#1D2A7C; \">plazas<\/div><\/div><\/div>\t\t<\/div><\/div><div class=\"ult-content-box-container box-centrar-2-elementos\" >\t\t<div class=\"ult-content-box\" style=\"box-shadow: px px px px none;-webkit-transition: all 700ms ease;-moz-transition: all 700ms ease;-ms-transition: all 700ms ease;-o-transition: all 700ms ease;transition: all 700ms ease;\"  data-hover_box_shadow=\"none\"    >[vc_single_image image=\u00bb2916&#8243; img_size=\u00bbfull\u00bb alignment=\u00bbcenter\u00bb onclick=\u00bbcustom_link\u00bb img_link_target=\u00bb_blank\u00bb css=\u00bb\u00bb link=\u00bbhttps:\/\/dretssocials.gencat.cat\/ca\/inici\u00bb][vc_single_image image=\u00bb2918&#8243; img_size=\u00bbfull\u00bb alignment=\u00bbcenter\u00bb onclick=\u00bbcustom_link\u00bb img_link_target=\u00bb_blank\u00bb css=\u00bb\u00bb link=\u00bbhttps:\/\/www.cssbcn.cat\/index.php\/ca\/\u00bb]\t\t<\/div><\/div>[\/vc_column_inner][\/vc_row_inner][\/vc_tta_section][\/vc_tta_tabs][vc_empty_space][\/vc_column][\/vc_row][\/vc_section][vc_section el_id=\u00bbinsercio-laboral\u00bb el_class=\u00bbno-mobile\u00bb][vc_row][vc_column][vc_separator color=\u00bbcustom\u00bb style=\u00bbdotted\u00bb border_width=\u00bb3&#8243; css=\u00bb\u00bb accent_color=\u00bb#EDEDED\u00bb][vc_empty_space][vc_column_text css=\u00bb\u00bb el_class=\u00bbtext-blau-bold-22px\u00bb]<\/p>\n<h3 style=\"text-align: left; color: #1d2a7c;\">Programas de inserci\u00f3n laboral<\/h3>\n<p>[\/vc_column_text][vc_empty_space][\/vc_column][\/vc_row][vc_row][vc_column][vc_tta_tabs style=\u00bboutline\u00bb color=\u00bbwhite\u00bb alignment=\u00bbcenter\u00bb active_section=\u00bb1&#8243; el_class=\u00bbpestanyes-serveis\u00bb][vc_tta_section title=\u00bbAMIT. Aprendo, Me Implico y Trabajo \u00bb tab_id=\u00bbamit\u00bb][vc_row_inner equal_height=\u00bbyes\u00bb content_placement=\u00bbmiddle\u00bb gap=\u00bb10&#8243;][vc_column_inner width=\u00bb1\/3&#8243;][vc_single_image image=\u00bb2406&#8243; img_size=\u00bbfull\u00bb style=\u00bbvc_box_rounded\u00bb css=\u00bb.vc_custom_1737713564149{margin-bottom: 0px !important;}\u00bb el_class=\u00bbbordes-m\u00bb][\/vc_column_inner][vc_column_inner width=\u00bb1\/3&#8243;][vc_column_text css=\u00bb.vc_custom_1734963240530{margin-right: 30px !important;padding-top: 40px !important;}\u00bb el_class=\u00bbtext-blau\u00bb]Programa de inserci\u00f3n sociolaboral para j\u00f3venes con <strong>4 niveles de aprendizaje progresivo<\/strong>, donde se trabajan los aspectos necesarios para que los y las j\u00f3venes puedan aprender, integrarse y desarrollarse en los \u00e1mbitos <strong>personal, social, educativo y laboral<\/strong>. Adem\u00e1s de los aspectos laborales, se ense\u00f1a el idioma, los h\u00e1bitos y costumbres de nuestro territorio, brindando apoyo durante todo el proceso para desestigmatizar a este colectivo dentro de la sociedad y empoderarlo en su recorrido hacia la vida adulta.[\/vc_column_text][vc_empty_space][\/vc_column_inner][vc_column_inner el_class=\u00bbfondo-wrapper-outlined\u00bb width=\u00bb1\/3&#8243;][vc_column_text css=\u00bb\u00bb el_class=\u00bbtext-blau-bold-18px\u00bb]<\/p>\n<p style=\"text-align: center;\">Durante el 2023<\/p>\n<p>[\/vc_column_text][vc_empty_space height=\u00bb20px\u00bb]<div class=\"ult-content-box-container box-centrar-2-elementos\" >\t\t<div class=\"ult-content-box\" style=\"box-shadow: px px px px none;-webkit-transition: all 700ms ease;-moz-transition: all 700ms ease;-ms-transition: all 700ms ease;-o-transition: all 700ms ease;transition: all 700ms ease;\"  data-hover_box_shadow=\"none\"    ><div class=\"stats-block stats-top  \"><div class=\"aio-icon-top\"><div class=\"ult-just-icon-wrapper  \"><div class=\"align-icon\" style=\"text-align:center;\"><\/div><\/div><\/div><div class=\"stats-desc\" id=\"counter-responsv-wrap-9860\"><div id=\"counter_21482123469f2efdabd0b0\" data-id=\"counter_21482123469f2efdabd0b0\"  data-ultimate-target='#counter-responsv-wrap-9860 .stats-number'  data-responsive-json-new='{\"font-size\":\"\",\"line-height\":\"\"}'  class=\"stats-number ult-responsive\" style=\"font-size:28px; color:#1D2A7C; color:#1D2A7C;\" data-speed=\"2\" data-counter-value=\"115\" data-separator=\",\" data-decimal=\".\">0<\/div><div id=\"title-counter_21482123469f2efdabd0b0\"  data-ultimate-target='#counter-responsv-wrap-9860 .stats-text'  data-responsive-json-new='{\"font-size\":\"\",\"line-height\":\"\"}'  class=\"stats-text ult-responsive\" style=\"font-size:18px; color:#1D2A7C; \">j\u00f3venes que han hecho pr\u00e1cticas laborales<\/div><\/div><\/div><div class=\"stats-block stats-top  \"><div class=\"aio-icon-top\"><div class=\"ult-just-icon-wrapper  \"><div class=\"align-icon\" style=\"text-align:center;\"><\/div><\/div><\/div><div class=\"stats-desc\" id=\"counter-responsv-wrap-5642\"><div id=\"counter_206996550169f2efdabd0fc\" data-id=\"counter_206996550169f2efdabd0fc\"  data-ultimate-target='#counter-responsv-wrap-5642 .stats-number'  data-responsive-json-new='{\"font-size\":\"\",\"line-height\":\"\"}'  class=\"stats-number ult-responsive\" style=\"font-size:28px; color:#1D2A7C; color:#1D2A7C;\" data-speed=\"2\" data-counter-value=\"14\" data-separator=\",\" data-decimal=\".\">0<\/div><div id=\"title-counter_206996550169f2efdabd0fc\"  data-ultimate-target='#counter-responsv-wrap-5642 .stats-text'  data-responsive-json-new='{\"font-size\":\"\",\"line-height\":\"\"}'  class=\"stats-text ult-responsive\" style=\"font-size:18px; color:#1D2A7C; \">j\u00f3venes inseridos\/das laboralmente<\/div><\/div><\/div>\t\t<\/div><\/div>[vc_single_image image=\u00bb2916&#8243; img_size=\u00bbfull\u00bb alignment=\u00bbcenter\u00bb onclick=\u00bbcustom_link\u00bb img_link_target=\u00bb_blank\u00bb css=\u00bb\u00bb link=\u00bbhttps:\/\/dretssocials.gencat.cat\/ca\/inici\u00bb][\/vc_column_inner][\/vc_row_inner][\/vc_tta_section][vc_tta_section title=\u00bbJoves Futur +\u00bb tab_id=\u00bbjoves\u00bb][vc_row_inner equal_height=\u00bbyes\u00bb content_placement=\u00bbmiddle\u00bb gap=\u00bb10&#8243;][vc_column_inner width=\u00bb1\/3&#8243;][vc_single_image image=\u00bb2409&#8243; img_size=\u00bbfull\u00bb style=\u00bbvc_box_rounded\u00bb css=\u00bb.vc_custom_1737713571296{margin-bottom: 0px !important;}\u00bb el_class=\u00bbbordes-m\u00bb][\/vc_column_inner][vc_column_inner width=\u00bb1\/3&#8243;][vc_column_text css=\u00bb.vc_custom_1734963257996{margin-right: 30px !important;padding-top: 40px !important;}\u00bb el_class=\u00bbtext-blau\u00bb]Proyecto destinado a <strong>favorecer la inclusi\u00f3n social de j\u00f3venes extutelados\/as<\/strong> de Catalu\u00f1a a trav\u00e9s de un acompa\u00f1amiento integral e individualizado que facilite una emancipaci\u00f3n y una autonom\u00eda plenas, para un futuro con dignidad. Se ofrecen servicios de formaci\u00f3n a medida (aprendiendo un oficio), desarrollo de habilidades para la empleabilidad, inserci\u00f3n laboral, apoyo psicosocial y mentor\u00eda.[\/vc_column_text][\/vc_column_inner][vc_column_inner el_class=\u00bbfondo-wrapper-outlined\u00bb width=\u00bb1\/3&#8243;][vc_column_text css=\u00bb\u00bb el_class=\u00bbtext-blau-bold-18px\u00bb]<\/p>\n<p style=\"text-align: center;\">Durante el 2023<\/p>\n<p>[\/vc_column_text][vc_empty_space height=\u00bb20px\u00bb]<div class=\"ult-content-box-container box-centrar-2-elementos\" >\t\t<div class=\"ult-content-box\" style=\"box-shadow: px px px px none;-webkit-transition: all 700ms ease;-moz-transition: all 700ms ease;-ms-transition: all 700ms ease;-o-transition: all 700ms ease;transition: all 700ms ease;\"  data-hover_box_shadow=\"none\"    ><div class=\"stats-block stats-top  \"><div class=\"aio-icon-top\"><div class=\"ult-just-icon-wrapper  \"><div class=\"align-icon\" style=\"text-align:center;\"><\/div><\/div><\/div><div class=\"stats-desc\" id=\"counter-responsv-wrap-1465\"><div id=\"counter_145264671169f2efdabd170\" data-id=\"counter_145264671169f2efdabd170\"  data-ultimate-target='#counter-responsv-wrap-1465 .stats-number'  data-responsive-json-new='{\"font-size\":\"\",\"line-height\":\"\"}'  class=\"stats-number ult-responsive\" style=\"font-size:28px; color:#1D2A7C; color:#1D2A7C;\" data-speed=\"2\" data-counter-value=\"168\" data-separator=\",\" data-decimal=\".\">0<\/div><div id=\"title-counter_145264671169f2efdabd170\"  data-ultimate-target='#counter-responsv-wrap-1465 .stats-text'  data-responsive-json-new='{\"font-size\":\"\",\"line-height\":\"\"}'  class=\"stats-text ult-responsive\" style=\"font-size:18px; color:#1D2A7C; \">j\u00f3venes inseridos\/das laboralmente<\/div><\/div><\/div><div class=\"stats-block stats-top  \"><div class=\"aio-icon-top\"><div class=\"ult-just-icon-wrapper  \"><div class=\"align-icon\" style=\"text-align:center;\"><\/div><\/div><\/div><div class=\"stats-desc\" id=\"counter-responsv-wrap-7052\"><div id=\"counter_129134345569f2efdabd1bc\" data-id=\"counter_129134345569f2efdabd1bc\"  data-ultimate-target='#counter-responsv-wrap-7052 .stats-number'  data-responsive-json-new='{\"font-size\":\"\",\"line-height\":\"\"}'  class=\"stats-number ult-responsive\" style=\"font-size:28px; color:#1D2A7C; color:#1D2A7C;\" data-speed=\"2\" data-counter-value=\"120\" data-separator=\",\" data-decimal=\".\">0<\/div><div id=\"title-counter_129134345569f2efdabd1bc\"  data-ultimate-target='#counter-responsv-wrap-7052 .stats-text'  data-responsive-json-new='{\"font-size\":\"\",\"line-height\":\"\"}'  class=\"stats-text ult-responsive\" style=\"font-size:18px; color:#1D2A7C; \">j\u00f3venes que han participado en los talleres de formaci\u00f3n laboral<\/div><\/div><\/div>\t\t<\/div><\/div><div class=\"ult-content-box-container box-centrar-2-elementos\" >\t\t<div class=\"ult-content-box\" style=\"box-shadow: px px px px none;-webkit-transition: all 700ms ease;-moz-transition: all 700ms ease;-ms-transition: all 700ms ease;-o-transition: all 700ms ease;transition: all 700ms ease;\"  data-hover_box_shadow=\"none\"    >[vc_single_image image=\u00bb2920&#8243; img_size=\u00bbfull\u00bb alignment=\u00bbcenter\u00bb onclick=\u00bbcustom_link\u00bb img_link_target=\u00bb_blank\u00bb css=\u00bb\u00bb link=\u00bbhttps:\/\/fundacio.fcbarcelona.cat\/ca\/\u00bb][vc_single_image image=\u00bb2922&#8243; img_size=\u00bbfull\u00bb alignment=\u00bbcenter\u00bb onclick=\u00bbcustom_link\u00bb img_link_target=\u00bb_blank\u00bb css=\u00bb\u00bb link=\u00bbhttps:\/\/fundacionlacaixa.org\/es\/pobreza-infantil?utm_source=sc&amp;utm_medium=cpc&amp;utm_campaign=plan-editorial&amp;utm_content=caixaproinfancia&amp;utm_term=601067&amp;gad_source=1&amp;gclid=CjwKCAiAneK8BhAVEiwAoy2HYSaQ1lXm5RddVca06es0rJ3Si9BVEWYX013b0efW8V5E9IvzqMYXBBoC4kUQAvD_BwE\u00bb]\t\t<\/div><\/div>[vc_empty_space][vc_btn title=\u00bbM\u00e1s informaci\u00f3n\u00bb style=\u00bboutline-custom\u00bb outline_custom_color=\u00bb#1D2A7C\u00bb outline_custom_hover_background=\u00bb#FFFFFF\u00bb outline_custom_hover_text=\u00bb#1D2A7C\u00bb align=\u00bbcenter\u00bb i_icon_fontawesome=\u00bbfas fa-info\u00bb css=\u00bb\u00bb add_icon=\u00bbtrue\u00bb link=\u00bburl:https%3A%2F%2Ffundacio.fcbarcelona.cat%2Fca%2Ffitxa%2F3998683%2Fjoves-futur-reinsercio-social-i-laboral-de-joves-extutelats|target:_blank|\u00bb el_class=\u00bbtext-blau-bold-18px\u00bb][\/vc_column_inner][\/vc_row_inner][\/vc_tta_section][\/vc_tta_tabs][vc_empty_space][\/vc_column][\/vc_row][\/vc_section][vc_section el_id=\u00bbbenestar-escoles\u00bb el_class=\u00bbno-mobile\u00bb][vc_row][vc_column][vc_separator color=\u00bbcustom\u00bb style=\u00bbdotted\u00bb border_width=\u00bb3&#8243; css=\u00bb\u00bb accent_color=\u00bb#EDEDED\u00bb][vc_empty_space][vc_column_text css=\u00bb\u00bb el_class=\u00bbtext-blau-bold-22px\u00bb]<\/p>\n<h3 style=\"text-align: left; color: #1d2a7c;\">Mejora del bienestar emocional y relacional en las escuelas<\/h3>\n<p>[\/vc_column_text][vc_empty_space][\/vc_column][\/vc_row][vc_row equal_height=\u00bbyes\u00bb content_placement=\u00bbmiddle\u00bb][vc_column width=\u00bb1\/3&#8243;][vc_single_image image=\u00bb2431&#8243; img_size=\u00bbfull\u00bb style=\u00bbvc_box_rounded\u00bb css=\u00bb.vc_custom_1737716052499{margin-bottom: 0px !important;}\u00bb el_class=\u00bbbordes-m\u00bb][\/vc_column][vc_column width=\u00bb1\/3&#8243;][vc_column_text css=\u00bb.vc_custom_1734965398132{margin-right: 30px !important;padding-top: 40px !important;}\u00bb el_class=\u00bbtext-blau\u00bb]Programa integral de acompa\u00f1amiento para la promoci\u00f3n, prevenci\u00f3n e intervenci\u00f3n en el bienestar emocional y relacional de la infancia en el \u00e1mbito escolar. La base de Komt\u00fc radica en la idea de que las experiencias relacionales dejan una huella emocional que puede condicionar la personalidad y la actitud de los ni\u00f1os y las ni\u00f1as a lo largo de toda su vida. <strong>Una buena experiencia puede favorecer un mejor aprendizaje<\/strong>, una mayor capacidad de autoconciencia y de empat\u00eda, entre otros valores.[\/vc_column_text][\/vc_column][vc_column width=\u00bb1\/3&#8243; el_class=\u00bbfondo-wrapper-outlined\u00bb][vc_column_text css=\u00bb.vc_custom_1737715802895{margin-right: 30px !important;padding-top: 40px !important;}\u00bb el_class=\u00bbtext-blau-bold-18px\u00bb]<\/p>\n<p style=\"text-align: center;\">Durante el 2023<\/p>\n<p>[\/vc_column_text][vc_empty_space height=\u00bb20px\u00bb]<div class=\"ult-content-box-container box-centrar-2-elementos\" >\t\t<div class=\"ult-content-box\" style=\"box-shadow: px px px px none;-webkit-transition: all 700ms ease;-moz-transition: all 700ms ease;-ms-transition: all 700ms ease;-o-transition: all 700ms ease;transition: all 700ms ease;\"  data-hover_box_shadow=\"none\"    ><div class=\"stats-block stats-top  \"><div class=\"aio-icon-top\"><div class=\"ult-just-icon-wrapper  \"><div class=\"align-icon\" style=\"text-align:center;\"><\/div><\/div><\/div><div class=\"stats-desc\" id=\"counter-responsv-wrap-3886\"><div id=\"counter_328857416469f2efdabd259\" data-id=\"counter_328857416469f2efdabd259\"  data-ultimate-target='#counter-responsv-wrap-3886 .stats-number'  data-responsive-json-new='{\"font-size\":\"\",\"line-height\":\"\"}'  class=\"stats-number ult-responsive\" style=\"font-size:28px; color:#1D2A7C; color:#1D2A7C;\" data-speed=\"2\" data-counter-value=\"5.273\" data-separator=\",\" data-decimal=\".\">0<\/div><div id=\"title-counter_328857416469f2efdabd259\"  data-ultimate-target='#counter-responsv-wrap-3886 .stats-text'  data-responsive-json-new='{\"font-size\":\"\",\"line-height\":\"\"}'  class=\"stats-text ult-responsive\" style=\"font-size:18px; color:#1D2A7C; \">ni\u00f1os y ni\u00f1as atendidos\/as<\/div><\/div><\/div><div class=\"stats-block stats-top  \"><div class=\"aio-icon-top\"><div class=\"ult-just-icon-wrapper  \"><div class=\"align-icon\" style=\"text-align:center;\"><\/div><\/div><\/div><div class=\"stats-desc\" id=\"counter-responsv-wrap-6223\"><div id=\"counter_139704347569f2efdabd2a4\" data-id=\"counter_139704347569f2efdabd2a4\"  data-ultimate-target='#counter-responsv-wrap-6223 .stats-number'  data-responsive-json-new='{\"font-size\":\"\",\"line-height\":\"\"}'  class=\"stats-number ult-responsive\" style=\"font-size:28px; color:#1D2A7C; color:#1D2A7C;\" data-speed=\"2\" data-counter-value=\"4.038\" data-separator=\",\" data-decimal=\".\">0<\/div><div id=\"title-counter_139704347569f2efdabd2a4\"  data-ultimate-target='#counter-responsv-wrap-6223 .stats-text'  data-responsive-json-new='{\"font-size\":\"\",\"line-height\":\"\"}'  class=\"stats-text ult-responsive\" style=\"font-size:18px; color:#1D2A7C; \">familias atendidas<\/div><\/div><\/div>\t\t<\/div><\/div>[vc_single_image image=\u00bb2428&#8243; img_size=\u00bbfull\u00bb alignment=\u00bbcenter\u00bb onclick=\u00bbcustom_link\u00bb img_link_target=\u00bb_blank\u00bb css=\u00bb\u00bb link=\u00bbhttps:\/\/www.nouscims.com\/ca\/\u00bb][vc_empty_space][vc_btn title=\u00bbM\u00e1s informaci\u00f3n\u00bb style=\u00bboutline-custom\u00bb outline_custom_color=\u00bb#1D2A7C\u00bb outline_custom_hover_background=\u00bb#FFFFFF\u00bb outline_custom_hover_text=\u00bb#1D2A7C\u00bb align=\u00bbcenter\u00bb i_icon_fontawesome=\u00bbfas fa-info\u00bb css=\u00bb\u00bb add_icon=\u00bbtrue\u00bb link=\u00bburl:https%3A%2F%2Fwww.komtu.org%2F|target:_blank|\u00bb el_class=\u00bbtext-blau-bold-18px\u00bb][\/vc_column][\/vc_row][\/vc_section][vc_row][vc_column][vc_empty_space][\/vc_column][\/vc_row]<\/p>\n<\/div>","protected":false},"excerpt":{"rendered":"<div class='heateorSssClear'><\/div><div  class='heateor_sss_sharing_container heateor_sss_horizontal_sharing' data-heateor-sss-href='https:\/\/infancia-adolescencia.eduvic.coop\/es\/servicios-de-eduvic\/'><div class='heateor_sss_sharing_title' style=\"font-weight:bold\" >Compartir<\/div><div class=\"heateor_sss_sharing_ul\"><a aria-label=\"Facebook\" class=\"heateor_sss_facebook\" href=\"https:\/\/www.facebook.com\/sharer\/sharer.php?u=https%3A%2F%2Finfancia-adolescencia.eduvic.coop%2Fes%2Fservicios-de-eduvic%2F\" title=\"Facebook\" rel=\"nofollow noopener\" target=\"_blank\" style=\"font-size:32px!important;box-shadow:none;display:inline-block;vertical-align:middle\"><span class=\"heateor_sss_svg\" style=\"background-color:#0765FE;width:35px;height:35px;border-radius:999px;display:inline-block;opacity:1;float:left;font-size:32px;box-shadow:none;display:inline-block;font-size:16px;padding:0 4px;vertical-align:middle;background-repeat:repeat;overflow:hidden;padding:0;cursor:pointer;box-sizing:content-box\"><svg style=\"display:block;border-radius:999px;\" focusable=\"false\" aria-hidden=\"true\" xmlns=\"http:\/\/www.w3.org\/2000\/svg\" width=\"100%\" height=\"100%\" viewBox=\"0 0 32 32\"><path fill=\"#fff\" d=\"M28 16c0-6.627-5.373-12-12-12S4 9.373 4 16c0 5.628 3.875 10.35 9.101 11.647v-7.98h-2.474V16H13.1v-1.58c0-4.085 1.849-5.978 5.859-5.978.76 0 2.072.15 2.608.298v3.325c-.283-.03-.775-.045-1.386-.045-1.967 0-2.728.745-2.728 2.683V16h3.92l-.673 3.667h-3.247v8.245C23.395 27.195 28 22.135 28 16Z\"><\/path><\/svg><\/span><\/a><a aria-label=\"Twitter\" class=\"heateor_sss_button_twitter\" href=\"https:\/\/twitter.com\/intent\/tweet?text=Servicios%20de%20EDUVIC%20%C2%B7%20Inf%C3%A0ncia%20i%20Adolesc%C3%A8ncia&url=https%3A%2F%2Finfancia-adolescencia.eduvic.coop%2Fes%2Fservicios-de-eduvic%2F\" title=\"Twitter\" rel=\"nofollow noopener\" target=\"_blank\" style=\"font-size:32px!important;box-shadow:none;display:inline-block;vertical-align:middle\"><span class=\"heateor_sss_svg heateor_sss_s__default heateor_sss_s_twitter\" style=\"background-color:#55acee;width:35px;height:35px;border-radius:999px;display:inline-block;opacity:1;float:left;font-size:32px;box-shadow:none;display:inline-block;font-size:16px;padding:0 4px;vertical-align:middle;background-repeat:repeat;overflow:hidden;padding:0;cursor:pointer;box-sizing:content-box\"><svg style=\"display:block;border-radius:999px;\" focusable=\"false\" aria-hidden=\"true\" xmlns=\"http:\/\/www.w3.org\/2000\/svg\" width=\"100%\" height=\"100%\" viewBox=\"-4 -4 39 39\"><path d=\"M28 8.557a9.913 9.913 0 0 1-2.828.775 4.93 4.93 0 0 0 2.166-2.725 9.738 9.738 0 0 1-3.13 1.194 4.92 4.92 0 0 0-3.593-1.55 4.924 4.924 0 0 0-4.794 6.049c-4.09-.21-7.72-2.17-10.15-5.15a4.942 4.942 0 0 0-.665 2.477c0 1.71.87 3.214 2.19 4.1a4.968 4.968 0 0 1-2.23-.616v.06c0 2.39 1.7 4.38 3.952 4.83-.414.115-.85.174-1.297.174-.318 0-.626-.03-.928-.086a4.935 4.935 0 0 0 4.6 3.42 9.893 9.893 0 0 1-6.114 2.107c-.398 0-.79-.023-1.175-.068a13.953 13.953 0 0 0 7.55 2.213c9.056 0 14.01-7.507 14.01-14.013 0-.213-.005-.426-.015-.637.96-.695 1.795-1.56 2.455-2.55z\" fill=\"#fff\"><\/path><\/svg><\/span><\/a><a aria-label=\"Linkedin\" class=\"heateor_sss_button_linkedin\" href=\"https:\/\/www.linkedin.com\/sharing\/share-offsite\/?url=https%3A%2F%2Finfancia-adolescencia.eduvic.coop%2Fes%2Fservicios-de-eduvic%2F\" title=\"Linkedin\" rel=\"nofollow noopener\" target=\"_blank\" style=\"font-size:32px!important;box-shadow:none;display:inline-block;vertical-align:middle\"><span class=\"heateor_sss_svg heateor_sss_s__default heateor_sss_s_linkedin\" style=\"background-color:#0077b5;width:35px;height:35px;border-radius:999px;display:inline-block;opacity:1;float:left;font-size:32px;box-shadow:none;display:inline-block;font-size:16px;padding:0 4px;vertical-align:middle;background-repeat:repeat;overflow:hidden;padding:0;cursor:pointer;box-sizing:content-box\"><svg style=\"display:block;border-radius:999px;\" focusable=\"false\" aria-hidden=\"true\" xmlns=\"http:\/\/www.w3.org\/2000\/svg\" width=\"100%\" height=\"100%\" viewBox=\"0 0 32 32\"><path d=\"M6.227 12.61h4.19v13.48h-4.19V12.61zm2.095-6.7a2.43 2.43 0 0 1 0 4.86c-1.344 0-2.428-1.09-2.428-2.43s1.084-2.43 2.428-2.43m4.72 6.7h4.02v1.84h.058c.56-1.058 1.927-2.176 3.965-2.176 4.238 0 5.02 2.792 5.02 6.42v7.395h-4.183v-6.56c0-1.564-.03-3.574-2.178-3.574-2.18 0-2.514 1.7-2.514 3.46v6.668h-4.187V12.61z\" fill=\"#fff\"><\/path><\/svg><\/span><\/a><a aria-label=\"Whatsapp\" class=\"heateor_sss_whatsapp\" href=\"https:\/\/api.whatsapp.com\/send?text=Servicios%20de%20EDUVIC%20%C2%B7%20Inf%C3%A0ncia%20i%20Adolesc%C3%A8ncia%20https%3A%2F%2Finfancia-adolescencia.eduvic.coop%2Fes%2Fservicios-de-eduvic%2F\" title=\"Whatsapp\" rel=\"nofollow noopener\" target=\"_blank\" style=\"font-size:32px!important;box-shadow:none;display:inline-block;vertical-align:middle\"><span class=\"heateor_sss_svg\" style=\"background-color:#55eb4c;width:35px;height:35px;border-radius:999px;display:inline-block;opacity:1;float:left;font-size:32px;box-shadow:none;display:inline-block;font-size:16px;padding:0 4px;vertical-align:middle;background-repeat:repeat;overflow:hidden;padding:0;cursor:pointer;box-sizing:content-box\"><svg style=\"display:block;border-radius:999px;\" focusable=\"false\" aria-hidden=\"true\" xmlns=\"http:\/\/www.w3.org\/2000\/svg\" width=\"100%\" height=\"100%\" viewBox=\"-6 -5 40 40\"><path class=\"heateor_sss_svg_stroke heateor_sss_no_fill\" stroke=\"#fff\" stroke-width=\"2\" fill=\"none\" d=\"M 11.579798566743314 24.396926207859085 A 10 10 0 1 0 6.808479557110079 20.73576436351046\"><\/path><path d=\"M 7 19 l -1 6 l 6 -1\" class=\"heateor_sss_no_fill heateor_sss_svg_stroke\" stroke=\"#fff\" stroke-width=\"2\" fill=\"none\"><\/path><path d=\"M 10 10 q -1 8 8 11 c 5 -1 0 -6 -1 -3 q -4 -3 -5 -5 c 4 -2 -1 -5 -1 -4\" fill=\"#fff\"><\/path><\/svg><\/span><\/a><a aria-label=\"Instagram\" class=\"heateor_sss_button_instagram\" href=\"https:\/\/www.instagram.com\/\" title=\"Instagram\" rel=\"nofollow noopener\" target=\"_blank\" style=\"font-size:32px!important;box-shadow:none;display:inline-block;vertical-align:middle\"><span class=\"heateor_sss_svg\" style=\"background-color:#53beee;width:35px;height:35px;border-radius:999px;display:inline-block;opacity:1;float:left;font-size:32px;box-shadow:none;display:inline-block;font-size:16px;padding:0 4px;vertical-align:middle;background-repeat:repeat;overflow:hidden;padding:0;cursor:pointer;box-sizing:content-box\"><svg style=\"display:block;border-radius:999px;\" version=\"1.1\" viewBox=\"-10 -10 148 148\" width=\"100%\" height=\"100%\" xml:space=\"preserve\" xmlns=\"http:\/\/www.w3.org\/2000\/svg\" xmlns:xlink=\"http:\/\/www.w3.org\/1999\/xlink\"><g><g><path d=\"M86,112H42c-14.336,0-26-11.663-26-26V42c0-14.337,11.664-26,26-26h44c14.337,0,26,11.663,26,26v44 C112,100.337,100.337,112,86,112z M42,24c-9.925,0-18,8.074-18,18v44c0,9.925,8.075,18,18,18h44c9.926,0,18-8.075,18-18V42 c0-9.926-8.074-18-18-18H42z\" fill=\"#fff\"><\/path><\/g><g><path d=\"M64,88c-13.234,0-24-10.767-24-24c0-13.234,10.766-24,24-24s24,10.766,24,24C88,77.233,77.234,88,64,88z M64,48c-8.822,0-16,7.178-16,16s7.178,16,16,16c8.822,0,16-7.178,16-16S72.822,48,64,48z\" fill=\"#fff\"><\/path><\/g><g><circle cx=\"89.5\" cy=\"38.5\" fill=\"#fff\" r=\"5.5\"><\/circle><\/g><\/g><\/svg><\/span><\/a><\/div><div class=\"heateorSssClear\"><\/div><\/div><div class='heateorSssClear'><\/div><p>[vc_section full_width=\u00bbstretch_row\u00bb el_id=\u00bbserveis-desktop\u00bb css=\u00bb.vc_custom_1734966784212{padding-top: 0px !important;padding-bottom: 40px !important;background-color: #FFFFFF00 !important;}\u00bb el_class=\u00bbno-mobile\u00bb][vc_row][vc_column][vc_column_text css=\u00bb\u00bb el_class=\u00bbtext-blau-bold-18px\u00bb]Todos los servicios &#8230; <a title=\"Servicios de EDUVIC \u00b7 Inf\u00e0ncia i Adolesc\u00e8ncia\" class=\"read-more\" href=\"https:\/\/infancia-adolescencia.eduvic.coop\/es\/servicios-de-eduvic\/\" aria-label=\"Leer m\u00e1s sobre Servicios de EDUVIC \u00b7 Inf\u00e0ncia i Adolesc\u00e8ncia\"> <\/a><\/p>\n","protected":false},"author":8,"featured_media":0,"parent":0,"menu_order":0,"comment_status":"closed","ping_status":"closed","template":"","meta":{"_uag_custom_page_level_css":"","footnotes":""},"class_list":["post-2077","page","type-page","status-publish"],"yoast_head":"<!-- This site is optimized with the Yoast SEO plugin v27.4 - https:\/\/yoast.com\/product\/yoast-seo-wordpress\/ -->\n<title>Servicios de EDUVIC \u00b7 Inf\u00e0ncia i Adolesc\u00e8ncia - Inf\u00e0ncia i Adolesc\u00e8ncia - Eduvic<\/title>\n<meta name=\"description\" content=\"Servicios de EDUVIC \u00b7 Inf\u00e0ncia i Adolesc\u00e8ncia para acompa\u00f1ar y educar a ni\u00f1os, ni\u00f1as y adolescentes, promoviendo su salud emocional y relacional.\" \/>\n<meta name=\"robots\" content=\"index, follow, max-snippet:-1, max-image-preview:large, max-video-preview:-1\" \/>\n<link rel=\"canonical\" href=\"https:\/\/infancia-adolescencia.eduvic.coop\/es\/servicios-de-eduvic\/\" \/>\n<meta property=\"og:locale\" content=\"es_ES\" \/>\n<meta property=\"og:type\" content=\"article\" \/>\n<meta property=\"og:title\" content=\"Servicios de EDUVIC \u00b7 Inf\u00e0ncia i Adolesc\u00e8ncia - Inf\u00e0ncia i Adolesc\u00e8ncia - Eduvic\" \/>\n<meta property=\"og:description\" content=\"Servicios de EDUVIC \u00b7 Inf\u00e0ncia i Adolesc\u00e8ncia para acompa\u00f1ar y educar a ni\u00f1os, ni\u00f1as y adolescentes, promoviendo su salud emocional y relacional.\" \/>\n<meta property=\"og:url\" content=\"https:\/\/infancia-adolescencia.eduvic.coop\/es\/servicios-de-eduvic\/\" \/>\n<meta property=\"og:site_name\" content=\"Inf\u00e0ncia i Adolesc\u00e8ncia - Eduvic\" \/>\n<meta property=\"article:modified_time\" content=\"2025-02-07T09:03:06+00:00\" \/>\n<meta name=\"twitter:card\" content=\"summary_large_image\" \/>\n<meta name=\"twitter:label1\" content=\"Tiempo de lectura\" \/>\n\t<meta name=\"twitter:data1\" content=\"9 minutos\" \/>\n<script type=\"application\/ld+json\" class=\"yoast-schema-graph\">{\"@context\":\"https:\\\/\\\/schema.org\",\"@graph\":[{\"@type\":\"WebPage\",\"@id\":\"https:\\\/\\\/infancia-adolescencia.eduvic.coop\\\/es\\\/servicios-de-eduvic\\\/\",\"url\":\"https:\\\/\\\/infancia-adolescencia.eduvic.coop\\\/es\\\/servicios-de-eduvic\\\/\",\"name\":\"Servicios de EDUVIC \u00b7 Inf\u00e0ncia i Adolesc\u00e8ncia - Inf\u00e0ncia i Adolesc\u00e8ncia - Eduvic\",\"isPartOf\":{\"@id\":\"https:\\\/\\\/infancia-adolescencia.eduvic.coop\\\/es\\\/#website\"},\"datePublished\":\"2024-12-23T15:11:02+00:00\",\"dateModified\":\"2025-02-07T09:03:06+00:00\",\"description\":\"Servicios de EDUVIC \u00b7 Inf\u00e0ncia i Adolesc\u00e8ncia para acompa\u00f1ar y educar a ni\u00f1os, ni\u00f1as y adolescentes, promoviendo su salud emocional y relacional.\",\"breadcrumb\":{\"@id\":\"https:\\\/\\\/infancia-adolescencia.eduvic.coop\\\/es\\\/servicios-de-eduvic\\\/#breadcrumb\"},\"inLanguage\":\"es\",\"potentialAction\":[{\"@type\":\"ReadAction\",\"target\":[\"https:\\\/\\\/infancia-adolescencia.eduvic.coop\\\/es\\\/servicios-de-eduvic\\\/\"]}]},{\"@type\":\"BreadcrumbList\",\"@id\":\"https:\\\/\\\/infancia-adolescencia.eduvic.coop\\\/es\\\/servicios-de-eduvic\\\/#breadcrumb\",\"itemListElement\":[{\"@type\":\"ListItem\",\"position\":1,\"name\":\"Portada\",\"item\":\"https:\\\/\\\/infancia-adolescencia.eduvic.coop\\\/es\\\/\"},{\"@type\":\"ListItem\",\"position\":2,\"name\":\"Servicios de EDUVIC \u00b7 Inf\u00e0ncia i Adolesc\u00e8ncia\"}]},{\"@type\":\"WebSite\",\"@id\":\"https:\\\/\\\/infancia-adolescencia.eduvic.coop\\\/es\\\/#website\",\"url\":\"https:\\\/\\\/infancia-adolescencia.eduvic.coop\\\/es\\\/\",\"name\":\"Inf\u00e0ncia i Adolesc\u00e8ncia - Eduvic\",\"description\":\"\",\"publisher\":{\"@id\":\"https:\\\/\\\/infancia-adolescencia.eduvic.coop\\\/es\\\/#organization\"},\"potentialAction\":[{\"@type\":\"SearchAction\",\"target\":{\"@type\":\"EntryPoint\",\"urlTemplate\":\"https:\\\/\\\/infancia-adolescencia.eduvic.coop\\\/es\\\/?s={search_term_string}\"},\"query-input\":{\"@type\":\"PropertyValueSpecification\",\"valueRequired\":true,\"valueName\":\"search_term_string\"}}],\"inLanguage\":\"es\"},{\"@type\":\"Organization\",\"@id\":\"https:\\\/\\\/infancia-adolescencia.eduvic.coop\\\/es\\\/#organization\",\"name\":\"Inf\u00e0ncia i Adolesc\u00e8ncia - Eduvic\",\"url\":\"https:\\\/\\\/infancia-adolescencia.eduvic.coop\\\/es\\\/\",\"logo\":{\"@type\":\"ImageObject\",\"inLanguage\":\"es\",\"@id\":\"https:\\\/\\\/infancia-adolescencia.eduvic.coop\\\/es\\\/#\\\/schema\\\/logo\\\/image\\\/\",\"url\":\"https:\\\/\\\/infancia-adolescencia.eduvic.coop\\\/wp-content\\\/uploads\\\/2024\\\/12\\\/INFA\u0300NCIA.png\",\"contentUrl\":\"https:\\\/\\\/infancia-adolescencia.eduvic.coop\\\/wp-content\\\/uploads\\\/2024\\\/12\\\/INFA\u0300NCIA.png\",\"width\":1923,\"height\":799,\"caption\":\"Inf\u00e0ncia i Adolesc\u00e8ncia - Eduvic\"},\"image\":{\"@id\":\"https:\\\/\\\/infancia-adolescencia.eduvic.coop\\\/es\\\/#\\\/schema\\\/logo\\\/image\\\/\"}}]}<\/script>\n<!-- \/ Yoast SEO plugin. -->","yoast_head_json":{"title":"Servicios de EDUVIC \u00b7 Inf\u00e0ncia i Adolesc\u00e8ncia - Inf\u00e0ncia i Adolesc\u00e8ncia - Eduvic","description":"Servicios de EDUVIC \u00b7 Inf\u00e0ncia i Adolesc\u00e8ncia para acompa\u00f1ar y educar a ni\u00f1os, ni\u00f1as y adolescentes, promoviendo su salud emocional y relacional.","robots":{"index":"index","follow":"follow","max-snippet":"max-snippet:-1","max-image-preview":"max-image-preview:large","max-video-preview":"max-video-preview:-1"},"canonical":"https:\/\/infancia-adolescencia.eduvic.coop\/es\/servicios-de-eduvic\/","og_locale":"es_ES","og_type":"article","og_title":"Servicios de EDUVIC \u00b7 Inf\u00e0ncia i Adolesc\u00e8ncia - Inf\u00e0ncia i Adolesc\u00e8ncia - Eduvic","og_description":"Servicios de EDUVIC \u00b7 Inf\u00e0ncia i Adolesc\u00e8ncia para acompa\u00f1ar y educar a ni\u00f1os, ni\u00f1as y adolescentes, promoviendo su salud emocional y relacional.","og_url":"https:\/\/infancia-adolescencia.eduvic.coop\/es\/servicios-de-eduvic\/","og_site_name":"Inf\u00e0ncia i Adolesc\u00e8ncia - Eduvic","article_modified_time":"2025-02-07T09:03:06+00:00","twitter_card":"summary_large_image","twitter_misc":{"Tiempo de lectura":"9 minutos"},"schema":{"@context":"https:\/\/schema.org","@graph":[{"@type":"WebPage","@id":"https:\/\/infancia-adolescencia.eduvic.coop\/es\/servicios-de-eduvic\/","url":"https:\/\/infancia-adolescencia.eduvic.coop\/es\/servicios-de-eduvic\/","name":"Servicios de EDUVIC \u00b7 Inf\u00e0ncia i Adolesc\u00e8ncia - Inf\u00e0ncia i Adolesc\u00e8ncia - Eduvic","isPartOf":{"@id":"https:\/\/infancia-adolescencia.eduvic.coop\/es\/#website"},"datePublished":"2024-12-23T15:11:02+00:00","dateModified":"2025-02-07T09:03:06+00:00","description":"Servicios de EDUVIC \u00b7 Inf\u00e0ncia i Adolesc\u00e8ncia para acompa\u00f1ar y educar a ni\u00f1os, ni\u00f1as y adolescentes, promoviendo su salud emocional y relacional.","breadcrumb":{"@id":"https:\/\/infancia-adolescencia.eduvic.coop\/es\/servicios-de-eduvic\/#breadcrumb"},"inLanguage":"es","potentialAction":[{"@type":"ReadAction","target":["https:\/\/infancia-adolescencia.eduvic.coop\/es\/servicios-de-eduvic\/"]}]},{"@type":"BreadcrumbList","@id":"https:\/\/infancia-adolescencia.eduvic.coop\/es\/servicios-de-eduvic\/#breadcrumb","itemListElement":[{"@type":"ListItem","position":1,"name":"Portada","item":"https:\/\/infancia-adolescencia.eduvic.coop\/es\/"},{"@type":"ListItem","position":2,"name":"Servicios de EDUVIC \u00b7 Inf\u00e0ncia i Adolesc\u00e8ncia"}]},{"@type":"WebSite","@id":"https:\/\/infancia-adolescencia.eduvic.coop\/es\/#website","url":"https:\/\/infancia-adolescencia.eduvic.coop\/es\/","name":"Inf\u00e0ncia i Adolesc\u00e8ncia - Eduvic","description":"","publisher":{"@id":"https:\/\/infancia-adolescencia.eduvic.coop\/es\/#organization"},"potentialAction":[{"@type":"SearchAction","target":{"@type":"EntryPoint","urlTemplate":"https:\/\/infancia-adolescencia.eduvic.coop\/es\/?s={search_term_string}"},"query-input":{"@type":"PropertyValueSpecification","valueRequired":true,"valueName":"search_term_string"}}],"inLanguage":"es"},{"@type":"Organization","@id":"https:\/\/infancia-adolescencia.eduvic.coop\/es\/#organization","name":"Inf\u00e0ncia i Adolesc\u00e8ncia - Eduvic","url":"https:\/\/infancia-adolescencia.eduvic.coop\/es\/","logo":{"@type":"ImageObject","inLanguage":"es","@id":"https:\/\/infancia-adolescencia.eduvic.coop\/es\/#\/schema\/logo\/image\/","url":"https:\/\/infancia-adolescencia.eduvic.coop\/wp-content\/uploads\/2024\/12\/INFA\u0300NCIA.png","contentUrl":"https:\/\/infancia-adolescencia.eduvic.coop\/wp-content\/uploads\/2024\/12\/INFA\u0300NCIA.png","width":1923,"height":799,"caption":"Inf\u00e0ncia i Adolesc\u00e8ncia - Eduvic"},"image":{"@id":"https:\/\/infancia-adolescencia.eduvic.coop\/es\/#\/schema\/logo\/image\/"}}]}},"uagb_featured_image_src":{"full":false,"thumbnail":false,"medium":false,"medium_large":false,"large":false,"1536x1536":false,"2048x2048":false},"uagb_author_info":{"display_name":"Silvia Casas","author_link":"https:\/\/infancia-adolescencia.eduvic.coop\/es\/author\/silvia-casas\/"},"uagb_comment_info":0,"uagb_excerpt":"[vc_section full_width=\u00bbstretch_row\u00bb el_id=\u00bbserveis-desktop\u00bb css=\u00bb.vc_custom_1734966784212{padding-top: 0px !important;padding-bottom: 40px !important;background-color: #FFFFFF00 !important;}\u00bb el_class=\u00bbno-mobile\u00bb][vc_row][vc_column][vc_column_text css=\u00bb\u00bb el_class=\u00bbtext-blau-bold-18px\u00bb]Todos los servicios ...","rttpg_featured_image_url":null,"rttpg_author":{"display_name":"Silvia Casas","author_link":"https:\/\/infancia-adolescencia.eduvic.coop\/es\/author\/silvia-casas\/"},"rttpg_comment":0,"rttpg_category":" <a href=\"https:\/\/infancia-adolescencia.eduvic.coop\/es\/?taxonomy=translation_priority&#038;term=opcional\" rel=\"tag\">Opcional<\/a>","rttpg_excerpt":"[vc_section full_width=\u00bbstretch_row\u00bb el_id=\u00bbserveis-desktop\u00bb css=\u00bb.vc_custom_1734966784212{padding-top: 0px !important;padding-bottom: 40px !important;background-color: #FFFFFF00 !important;}\u00bb el_class=\u00bbno-mobile\u00bb][vc_row][vc_column][vc_column_text css=\u00bb\u00bb el_class=\u00bbtext-blau-bold-18px\u00bb]Todos los servicios ...","_links":{"self":[{"href":"https:\/\/infancia-adolescencia.eduvic.coop\/es\/wp-json\/wp\/v2\/pages\/2077","targetHints":{"allow":["GET"]}}],"collection":[{"href":"https:\/\/infancia-adolescencia.eduvic.coop\/es\/wp-json\/wp\/v2\/pages"}],"about":[{"href":"https:\/\/infancia-adolescencia.eduvic.coop\/es\/wp-json\/wp\/v2\/types\/page"}],"author":[{"embeddable":true,"href":"https:\/\/infancia-adolescencia.eduvic.coop\/es\/wp-json\/wp\/v2\/users\/8"}],"replies":[{"embeddable":true,"href":"https:\/\/infancia-adolescencia.eduvic.coop\/es\/wp-json\/wp\/v2\/comments?post=2077"}],"version-history":[{"count":47,"href":"https:\/\/infancia-adolescencia.eduvic.coop\/es\/wp-json\/wp\/v2\/pages\/2077\/revisions"}],"predecessor-version":[{"id":3038,"href":"https:\/\/infancia-adolescencia.eduvic.coop\/es\/wp-json\/wp\/v2\/pages\/2077\/revisions\/3038"}],"wp:attachment":[{"href":"https:\/\/infancia-adolescencia.eduvic.coop\/es\/wp-json\/wp\/v2\/media?parent=2077"}],"curies":[{"name":"wp","href":"https:\/\/api.w.org\/{rel}","templated":true}]}}